{"id":562,"date":"2025-07-26T10:56:47","date_gmt":"2025-07-26T08:56:47","guid":{"rendered":"https:\/\/hairstyle-news.hr\/hair-kingdom\/?page_id=562"},"modified":"2025-10-03T12:07:02","modified_gmt":"2025-10-03T10:07:02","slug":"domov","status":"publish","type":"page","link":"https:\/\/hairstyle-news.hr\/hair-kingdom\/sl\/domov\/","title":{"rendered":"Hair Kingdom 2025<span> Navdih, znanje in frizerska prihodnost na Ljubljanskem gradu <\/span>"},"content":{"rendered":"\n<div class=\"naslovna-uvod animated fadeIn delay1 duration2 eds-on-scroll\">\n<div class=\"naslovna-uvod-inner boxed-content\">\n<p><b>Hairstyle News<\/b>, najpomembnej\u0161i frizerski dogodek v regiji z ve\u010d kot 20-letno tradicijo, se prvi\u010d seli izven Hrva\u0161ke \u2013 na eno najbolj \u010darobnih prizori\u0161\u010d v Sloveniji. V <b>nedeljo, 5. 10. 2025<\/b>, na ekskluzivni lokaciji dvorca <b>Ljubljanski grad, Hairstyle News<\/b> bo skupaj z dogodkom <b>Barber Classicks<\/b> za\u017eivel kot edinstvena <em>boutique<\/em> frizersko-brivska izku\u0161nja.<\/p>\n<h2>Edinstvena frizerska in brivska izku\u0161nja v veli\u010dastnem ambientu.<br>\nSE VIDIMO NA GRADU!<\/h2>\n<p>Pridru\u017eite se nam na dnevu, polnem izobra\u017eevanja, navdiha in povezovanja slovenske ter \u0161ir\u0161e frizerske skupnosti.<\/p>\n<\/div>\n<\/div>\n\n\n\n<div class=\"naslovna-uvod-blokovi\">\n<div class=\"naslovna-uvod-blokovi-inner boxed-content\">\n\n<div class=\"naslovna-blok naslovna-blok-edukacija animated slideInLeft delay0 duration2 eds-on-scroll\">\n<a href=\"\">\n<img decoding=\"async\" src=\"\/hair-kingdom\/wp-content\/uploads\/2025\/07\/Edukacija1.jpg\">\n<div class=\"naslovna-blok-opis\">\n<h3>Izobra\u017eevanje<\/h3>\n<p>Ustvarjalno delo na modelih pred ob\u010dinstvom<\/p>\n<\/div>\n<\/a>\n<\/div>\n\n<div class=\"naslovna-blok naslovna-blok-demo animated slideInRight delay0 duration2 eds-on-scroll\">\n<a href=\"\">\n<img decoding=\"async\" src=\"\/hair-kingdom\/wp-content\/uploads\/2025\/07\/DemonstracijeUzivo.jpg\">\n<div class=\"naslovna-blok-opis\">\n<h3>Predstavitve trendov<\/h3>\n<p>Najnovej\u0161i trendi in navdih vodilnih edukatorskih ekip<\/p>\n<\/div>\n<\/a>\n<\/div>\n\n<div class=\"naslovna-blok naslovna-blok-sajam animated slideInLeft delay0 duration2 eds-on-scroll\">\n<a href=\"\">\n<img decoding=\"async\" src=\"\/hair-kingdom\/wp-content\/uploads\/2025\/07\/MiniSajam2.jpg\">\n<div class=\"naslovna-blok-opis\">\n<h3>Mini sejem<\/h3>\n<p>Buti\u010dna predstavitev profesionalnih izdelkov<\/p>\n<\/div>\n<\/a>\n<\/div>\n\n<div class=\"naslovna-blok naslovna-blok-party animated slideInRight delay0 duration2 eds-on-scroll\">\n<a href=\"\">\n<img decoding=\"async\" src=\"\/hair-kingdom\/wp-content\/uploads\/2025\/07\/Povezivanje2.jpg\">\n<div class=\"naslovna-blok-opis\">\n<h3>Povezovanje in dru\u017eenje<\/h3>\n<p>Prilo\u017enost za krepitev skupnosti skozi izmenjavo znanja in izku\u0161enj<\/p>\n<\/div>\n<\/a>\n<\/div>\n\n<\/div>\n<\/div>\n\n\n\n<div class=\"naslovna-plan naslovna-plan-uvod\">\n<div class=\"naslovna-plan-inner boxed-content\">\n\n\n\n<h2>Va\u0161 vodnik po Hair Kingdom 2025<\/h2>\n<p class=\"plan-intro\"><b>Dobrodo\u0161li v \u010darobni svet frizerstva!<\/b><\/p>\n<p class=\"plan-intro\">Da se boste la\u017eje zna\u0161li v veli\u010dastnem ambientu <b>Ljubljanskega gradu<\/b>, smo za vas pripravili zemljevid z jasno ozna\u010denimi dvoranami in lokacijami.<\/p>\n<p class=\"plan-intro\">Ob izobra\u017eevanjih za frizerje in barberje vas na dogodku pri\u010dakuje tudi <b>razstavno-prodajni sejem<\/b>, kjer se bodo predstavile profesionalne frizerske blagovne znamke z najnovej\u0161imi izdelki in opremo za frizerski in barberski svet. To je odli\u010dna prilo\u017enost, da <b>preizkusite novosti, izkoristite sejemske ugodnosti in se pove\u017eete s strokovnimi partnerji.<\/b><\/p>\n<p class=\"plan-intro\"><b>Celoten program poteka v treh lo\u010denih dvoranah, vsaka pa ponuja edinstveno izku\u0161njo:<\/b><\/p>\n<ul class=\"plan-intro-list\">\n<li>Izobra\u017eevalna dvorana Barber Classicks \u2013 vstop z vstopnico<\/li>\n<li>Izobra\u017eevalna dvorana Hairstyle News \u2013 vstop z vstopnico<\/li>\n<li>Sejemska dvorana \u2013 prost vstop!<\/li>\n<\/ul>\n<p class=\"plan-intro\"><b>Se vidimo na gradu, kjer vladata frizerska in brivska ustvarjalnost!<\/b><\/p>\n<img decoding=\"async\" class=\"plan-map-full\" src=\"\/hair-kingdom\/wp-content\/uploads\/2025\/10\/Plan-SLO.png\" title=\"\" alt=\"\">\n<ul class=\"plan-map-legend\">\n<li class=\"mark mark-2\"><span>&nbsp;<\/span><em>Izobra\u017eevanje Barber Classicks<\/em><\/li>\n<li class=\"mark mark-4\"><span>&nbsp;<\/span><em>Sejem Barber Classicks<\/em><\/li>\n<li class=\"mark mark-1\"><span>&nbsp;<\/span><em>Izobra\u017eevanje Hairstyle News<\/em><\/li>\n<li class=\"mark mark-3\"><span>&nbsp;<\/span><em>Sejem Hairstyle News<\/em><\/li>\n<\/ul>\n\n<div class=\"plan-slike\">\n<img decoding=\"async\" src=\"\/hair-kingdom\/wp-content\/uploads\/2025\/07\/LjubljanskiGrad.jpg\" title=\"\" alt=\"\">\n<img decoding=\"async\" src=\"\/hair-kingdom\/wp-content\/uploads\/2025\/08\/HairstyleNews-1.jpg\" title=\"\" alt=\"\">\n<img decoding=\"async\" src=\"\/hair-kingdom\/wp-content\/uploads\/2025\/08\/BarberClassicks-1.jpg\" title=\"\" alt=\"\">\n<img decoding=\"async\" src=\"\/hair-kingdom\/wp-content\/uploads\/2025\/08\/Sajam-slo.jpg\" title=\"\" alt=\"\">\n<\/div>\n\n\n\n<\/div>\n<\/div> <!-- end of .naslovna-plan-uvod  -->\n\n\n\n<a name=\"program\" class=\"anchor anchor-program\"><\/a>\n<div class=\"naslovna-program naslovna-program-1\">\n<div class=\"naslovna-program-inner boxed-content\">\n<img decoding=\"async\" class=\"naslovna-program-logo\" src=\"\/hair-kingdom\/wp-content\/uploads\/2025\/07\/HSN-slo-logo.png\">\n<h3>Program izobra\u017eevanj Hairstyle News<\/h3>\n<p class=\"naslovna-program-datum\">Nedelja, 5.10.2025.<\/p>\n\n<div class=\"program-opis-intro\">\n<p>Izobra\u017eevalni program Hairstyle Newsa je namenjen vsem frizerjem in frizerkam, ki delajo z \u017eensko klientelo, \u017eelijo odkrivati nove trende, osve\u017eiti svoje znanje ter se povezati s kolegi iz stroke. V \u0161estih izobra\u017eevalnih nastopih, ki jih bodo pripravili vrhunski edukatorji znamk <b>Keune, Paul Mitchell, Kemon, Redken, Balmain i Wella Professionals<\/b>, bodo udele\u017eenci prejeli konkretne ideje in navdih za vsakodnevno delo v salonu.<\/p>\n<p>Dogodek bo potekal v manj\u0161em, premi\u0161ljeno oblikovanem formatu \u2013 z <b>omejenim \u0161tevilom mest, bolj intimnim vzdu\u0161jem<\/b> ter poudarkom na kakovosti vsebin in osebni izku\u0161nji. Poleg izobra\u017eevanj obiskovalce pri\u010dakuje tudi <b>manj\u0161i frizerski sejem<\/b>, na katerem bodo predstavljeni najnovej\u0161i izdelki in inovacije pokroviteljev ter drugih razstavljavcev.<\/p>\n<\/div>\n\n\n\n<div class=\"naslovna-sponzori naslovna-sponzori-program naslovna-sponzori-program-1\">\n<div class=\"naslovna-sponzori-inner boxed-content\">\n<h3>Pokrovitelji programa Hairstyle News<\/h3>\n\n<div class=\"naslovna-sponzori-wrapper\">\n<a class=\"sponzor-logo sponzor-logo-size1\" href=\"https:\/\/www.keune.si\/\" target=\"_blank\"><img decoding=\"async\" src=\"\/hair-kingdom\/wp-content\/uploads\/2025\/07\/1-Keune-2.png\"><\/a>\n<a class=\"sponzor-logo\" href=\"https:\/\/www.pronega.si\/\" target=\"_blank\"><img decoding=\"async\" src=\"\/hair-kingdom\/wp-content\/uploads\/2025\/07\/2-PaulMitchell-1.png\"><\/a>\n<a class=\"sponzor-logo sponzor-logo-size2\" href=\"https:\/\/www.trimuzijat.com\/\" target=\"_blank\"><img decoding=\"async\" src=\"\/hair-kingdom\/wp-content\/uploads\/2025\/07\/3-kemon-1.png\"><\/a>\n<a class=\"sponzor-logo\" href=\"https:\/\/nobelcos.si\/\" target=\"_blank\"><img decoding=\"async\" src=\"\/hair-kingdom\/wp-content\/uploads\/2025\/07\/4-Redken-2.png\"><\/a>\n<a class=\"sponzor-logo sponzor-logo-size3\" href=\"https:\/\/nobelcos.si\/\" target=\"_blank\"><img decoding=\"async\" src=\"\/hair-kingdom\/wp-content\/uploads\/2025\/09\/5-Balmain-5.png\"><\/a>\n<a class=\"sponzor-logo sponzor-logo-size1\" href=\"https:\/\/salonbeauty.shop\/\" target=\"_blank\"><img decoding=\"async\" src=\"\/hair-kingdom\/wp-content\/uploads\/2025\/07\/6-Wella-2.png\"><\/a>\n<\/div>\n\n<\/div>\n<\/div>\n\n\n\n<p class=\"program-expander-intro\">S klikom na ime ekipe ali izobra\u017eevalca izveste ve\u010d o tem izobra\u017eevanju.<\/p>\n\n<div class=\"program-expander program-expander-dummy\">\n<div class=\"lightweight-accordion\"><details><summary class=\"lightweight-accordion-title\"><h3><span>10:00 \u2013 11:00<\/span> <div>Prihod udele\u017eencev in prevzem vstopnic<\/div><\/h3><\/summary><div class=\"lightweight-accordion-body\"><div class=\"program-expander-content\">\n<\/div>\n<\/div><\/details><\/div>\n<\/div>\n\n\n\n<div class=\"program-expander\">\n<div class=\"lightweight-accordion\"><details><summary class=\"lightweight-accordion-title\"><h3><span>11:00 \u2013 11:40<\/span> <div><strong>Keune Akademija<\/strong> \/ Keune<\/div><\/h3><\/summary><div class=\"lightweight-accordion-body\"><div class=\"program-expander-content\">\n<div class=\"program-expander-left\">\n<img decoding=\"async\" class=\"program-expander-photo\" src=\"\/hair-kingdom\/wp-content\/uploads\/2025\/09\/Timovi-web-Keune.jpg\"\/><br \/>\n<img decoding=\"async\" class=\"program-expander-logo\" src=\"\/hair-kingdom\/wp-content\/uploads\/2025\/08\/1-Keune.png\"\/>\n<\/div>\n<div class=\"program-expander-right\">\n<p class=\"program-expander-description\"><b>Tema:<\/b> Zdravi, sijo\u010di in komercialno nosljivi lasje \u2013 barva, nega in stil<\/p>\n<p class=\"program-expander-description\">Vabljeni na navdihujo\u010di seminar Keune Akademije, kjer bodo vrhunski edukatorji predstavili najnovej\u0161e trende v barvanju, negi in stiliranju las. S poudarkom na zdravem videzu, sijaju in vsakodnevni uporabnosti, bodo predstavili razli\u010dne pristope k doseganju popolnega rezultata..<\/p>\n<p class=\"program-expander-description\">Predstavitev bo potekala na modelih v treh segmentih:<\/p>\n<ul>\n<li><b>Zdravi lasje kot osnova<\/b> \u2013 predstavitev nove linije Keune Care: Next Generation Hair Care<\/li>\n<li><b>Barvanje, ki prodaja<\/b> \u2013 moderne, obstojne in nosljive barvne tehnike s sijajem in trajnostjo<\/li>\n<li><b>Stiliranje za vsak dan in posebne prilo\u017enosti<\/b> \u2013 valovite in ravne teksture, elegantni speti videzi in komercialne fige<\/li>\n<\/ul>\n<p class=\"program-expander-team\"><b>Edukatorji:<\/b> Bojana Miladinovi\u0107, Luka \u0160kvorc, \u017diva Pajni\u010d, Nika Kobale, Oleksandra Kadehis in Tea Martina Kra\u0161evac Furlan<\/p>\n<p class=\"program-expander-sponsors\"><b>Pokrovitelj nastopa:<\/b> Keune<\/p>\n<\/div>\n<\/div>\n<\/div><\/details><\/div>\n<\/div>\n\n\n\n<div class=\"program-expander\">\n<div class=\"lightweight-accordion\"><details><summary class=\"lightweight-accordion-title\"><h3><span>11:40 \u2013 12:20<\/span> <div><strong>Mi\u010d Styling<\/strong> \/ Paul Mitchell<\/div><\/h3><\/summary><div class=\"lightweight-accordion-body\"><div class=\"program-expander-content\">\n<div class=\"program-expander-left\">\n<img decoding=\"async\" class=\"program-expander-photo\" src=\"\/hair-kingdom\/wp-content\/uploads\/2025\/07\/2-MicStyling.jpg\"\/><br \/>\n<img decoding=\"async\" class=\"program-expander-logo\" src=\"\/hair-kingdom\/wp-content\/uploads\/2025\/08\/2-MicStyling.png\"\/>\n<\/div>\n<div class=\"program-expander-right\">\n<p class=\"program-expander-description\"><b>Tema:<\/b> Kolekcija MI, AI \u2013 minimalisti\u010dna estetika za moderno stranko<\/p>\n<p class=\"program-expander-description\">Kolekcija MI, AI predstavlja sodobne trende, ki zdru\u017eujejo \u010diste linije, prilagojenost tipu las in osebnemu slogu. Barvne kombinacije do treh odtenkov poudarjajo ve\u010dplastna stri\u017eenja, definirane frufruje in izrazite, strukturirane oblike.<\/p>\n<p class=\"program-expander-description\">Klju\u010dna rde\u010da nit kolekcije je ravnovesje med estetiko in funkcionalnostjo \u2013 z umetno inteligenco kot navdihom, a \u010dlove\u0161ko roko kot orodjem.<\/p>\n<p class=\"program-expander-team\"><b>Edukatorji:<\/b> Mi\u010d Styling Art Team<\/p>\n<p class=\"program-expander-sponsors\"><b>Pokrovitelj nastopa:<\/b> Paul Mitchell<\/p>\n<\/div>\n<\/div>\n<\/div><\/details><\/div>\n<\/div>\n\n\n\n<div class=\"program-expander\">\n<div class=\"lightweight-accordion\"><details><summary class=\"lightweight-accordion-title\"><h3><span>12:20 \u2013 13:00<\/span> <div><strong>Trimu\u017eijat Akademija<\/strong> \/ Kemon<\/div><\/h3><\/summary><div class=\"lightweight-accordion-body\"><div class=\"program-expander-content\">\n<div class=\"program-expander-left\">\n<img decoding=\"async\" class=\"program-expander-photo\" src=\"\/hair-kingdom\/wp-content\/uploads\/2025\/07\/3-kemon-1.jpg\"\/><br \/>\n<img decoding=\"async\" class=\"program-expander-logo\" src=\"\/hair-kingdom\/wp-content\/uploads\/2025\/08\/3-Trimuzijat.png\"\/>\n<\/div>\n<div class=\"program-expander-right\">\n<p class=\"program-expander-description\"><b>Tema:<\/b> Trimu\u017eijat Akademija \u2013 30 let ustvarjanja<\/p>\n<p class=\"program-expander-description\">Ob jubileju Trimu\u017eijat Akademije bodo edukatorja predstavila dve smeri modne prihodnosti 2025\/26:<\/p>\n<ul>\n<li><b>Komercialna linija<\/b> \u2013 hitre, kreativne tehnike barvanja in stri\u017eenja za vsakodnevno uporabo<\/li>\n<li><b>Ekstravagantna linija<\/b> \u2013 napredne strukture, drznej\u0161e barve in oblikovanje za izstopajo\u010de videze<\/li>\n<\/ul>\n<p class=\"program-expander-description\">Raznolik pristop za vse, ki si \u017eelijo zdru\u017eiti uporabnost in ustvarjalnost v salonu.<\/p>\n<p class=\"program-expander-team\"><b>Edukatorja:<\/b> A\u017ebe Ko\u0161\u010dak in Kaja Fertin + skrivni gost<\/p>\n<p class=\"program-expander-sponsors\"><b>Pokrovitelj nastopa:<\/b> Kemon<\/p>\n<\/div>\n<\/div>\n<\/div><\/details><\/div>\n<\/div>\n\n\n\n<div class=\"program-expander program-expander-dummy\">\n<div class=\"lightweight-accordion\"><details><summary class=\"lightweight-accordion-title\"><h3><span>13:00 \u2013 14:30<\/span> <div>Pavza \u2013 kosilo, fotografiranje modelov, obisk sejma...<\/div><\/h3><\/summary><div class=\"lightweight-accordion-body\"><div class=\"program-expander-content\">\n<\/div>\n<\/div><\/details><\/div>\n<\/div>\n\n\n\n<div class=\"program-expander\">\n<div class=\"lightweight-accordion\"><details><summary class=\"lightweight-accordion-title\"><h3><span>14:30 \u2013 15:10<\/span> <div><strong>Dimitar Balev<\/strong> \/ Redken<\/div><\/h3><\/summary><div class=\"lightweight-accordion-body\"><div class=\"program-expander-content\">\n<div class=\"program-expander-left\">\n<img decoding=\"async\" class=\"program-expander-photo\" src=\"\/hair-kingdom\/wp-content\/uploads\/2025\/07\/4-Redken.jpg\"\/><br \/>\n<img decoding=\"async\" class=\"program-expander-logo\" src=\"\/hair-kingdom\/wp-content\/uploads\/2025\/08\/4-Redken.png\"\/>\n<\/div>\n<div class=\"program-expander-right\">\n<p class=\"program-expander-description\"><b>Tema:<\/b> Personalizirana stri\u017eenja za leto 2026 z Redkenom<\/p>\n<p class=\"program-expander-description\">Na odru vas bo Dimitar Balev popeljal v prihodnost stri\u017eenja in predstavil najnovej\u0161e trende za leto 2026. S pomo\u010djo razli\u010dnih orodij in tehnik stri\u017eenja bo prikazal, kako ustvariti unikatne in personalizirane oblike, prilagojene posamezniku.<\/p>\n<p>Poudarek bo na uporabi tehnik diskonekcije in razumevanju klju\u010dnih principov ter miselnih procesov, ki stojijo za sodobnim in individualnim pristopom k oblikovanju frizur. Vse to v kombinaciji z vrhunskimi Redken produkti.<\/p>\n<p class=\"program-expander-team\"><b>Edukator:<\/b> Dimitar Balev<\/p>\n<p class=\"program-expander-sponsors\"><b>Pokrovitelj nastopa:<\/b> Redken<\/p>\n<\/div>\n<\/div>\n<\/div><\/details><\/div>\n<\/div>\n\n\n\n<div class=\"program-expander\">\n<div class=\"lightweight-accordion\"><details><summary class=\"lightweight-accordion-title\"><h3><span>15:10 \u2013 15:50<\/span> <div><strong>Petra Blatnik Ma\u010dek<\/strong> \/ Balmain<\/div><\/h3><\/summary><div class=\"lightweight-accordion-body\"><div class=\"program-expander-content\">\n<div class=\"program-expander-left\">\n<img decoding=\"async\" class=\"program-expander-photo\" src=\"\/hair-kingdom\/wp-content\/uploads\/2025\/07\/5-Balmain.jpg\"\/><br \/>\n<img decoding=\"async\" class=\"program-expander-logo\" src=\"\/hair-kingdom\/wp-content\/uploads\/2025\/09\/5-Balmain-4.png\"\/>\n<\/div>\n<div class=\"program-expander-right\">\n<p class=\"program-expander-description\"><b>Tema:<\/b> Glamur rde\u010de preproge z avangardnim pridihom<\/p>\n<p class=\"program-expander-description\">Vabljeni na ekskluzivni seminar Petre Blatnik Ma\u010dek by Balmain \u2013 preplet elegance, sodobnih tehnik spenjanja in navdiha iz sveta mode in zvezdni\u0161kega glamurja.<\/p>\n<p class=\"program-expander-description\"><b>Vsebina izobra\u017eevanja:<\/b><\/p>\n<ul>\n<li>Tehnike obstojnega in elegantnega spenjanja<\/li>\n<li>Volumen, tekstura in idealna silhueta<\/li>\n<li>Navdih z modnih pist in rde\u010de preproge (Cannes, editoriali &#8230;)<\/li>\n<li>Avangardni, a nosljivi detajli<\/li>\n<li>Prilagajanje frizur razli\u010dnim tipom las<\/li>\n<li>Ekskluzivni triki iz prakse in vpogled v delo s slavnimi osebami<\/li>\n<\/ul>\n<p class=\"program-expander-team\"><b>Edukatorica:<\/b> Petra Blatnik Ma\u010dek<\/p>\n<p class=\"program-expander-sponsors\"><b>Pokrovitelj nastopa:<\/b> Balmain<\/p>\n<\/div>\n<\/div>\n<\/div><\/details><\/div>\n<\/div>\n\n\n\n<div class=\"program-expander\">\n<div class=\"lightweight-accordion\"><details><summary class=\"lightweight-accordion-title\"><h3><span>15:50 \u2013 16:30<\/span> <div><strong>Wella Education Team<\/strong> \/ Wella Professionals<\/div><\/h3><\/summary><div class=\"lightweight-accordion-body\"><div class=\"program-expander-content\">\n<div class=\"program-expander-left\">\n<img decoding=\"async\" class=\"program-expander-photo\" src=\"\/hair-kingdom\/wp-content\/uploads\/2025\/09\/Timovi-web-wella.jpg\"\/><br \/>\n<img decoding=\"async\" class=\"program-expander-logo\" src=\"\/hair-kingdom\/wp-content\/uploads\/2025\/08\/6-Wella.png\"\/>\n<\/div>\n<div class=\"program-expander-right\">\n<p class=\"program-expander-description\"><b>Tema:<\/b> Surreal Color \u2013 prihodnost barvanja las<\/p>\n<p class=\"program-expander-description\">Kak\u0161na je prihodnost lepote? Navdihuje nas umetna inteligenca, a ustvarjamo jo profesionalci \u2013 s srcem in rokami. Predstavljamo vam kolekcijo Surreal Color: vizualna simfonija barv, svetlobe in senc, ki v realnosti posnema digitalne filtre.<\/p>\n<p class=\"program-expander-description\"><b>Na seminarju boste spoznali:<\/b><\/p>\n<ul>\n<li>Najnovej\u0161e barvne tehnike, navdihnjene z AI<\/li>\n<li>Prehode med hladnimi platinastimi toni, intenzivnimi in drznej\u0161imi odtenki ter toplimi brunette kombinacijami in pasteli<\/li>\n<li>Pomen digitalnih orodij v sodobnem salonu<\/li>\n<li>Poglobljeno svetovanje in prilagajanje storitev novim trendom<\/li>\n<\/ul>\n<p class=\"program-expander-description\">Naj vas navdihne prihodnost!<\/p>\n<p class=\"program-expander-team\"><b>Edukatorji:<\/b> Alketa Hysa, \u0110or\u0111e Beli\u0107, Kaja \u0160kerjanec in Mark Oblak<\/p>\n<p class=\"program-expander-sponsors\"><b>Pokrovitelj nastopa:<\/b> Wella Professionals<\/p>\n<\/div>\n<\/div>\n<\/div><\/details><\/div>\n<\/div>\n\n\n\n<div class=\"program-expander program-expander-dummy\">\n<div class=\"lightweight-accordion\"><details><summary class=\"lightweight-accordion-title\"><h3><span>16:30 \u2013 16:45<\/span> <div>Kratka pavza<\/div><\/h3><\/summary><div class=\"lightweight-accordion-body\"><div class=\"program-expander-content\">\n<\/div>\n<\/div><\/details><\/div>\n<\/div>\n\n\n\n<div class=\"program-expander\">\n<div class=\"lightweight-accordion\"><details><summary class=\"lightweight-accordion-title\"><h3><span>16:45 \u2013 17:30<\/span> <div><strong>Okrogla miza:<\/strong> Slovensko frizerstvo \u2013 v\u010deraj, danes, jutri<\/div><\/h3><\/summary><div class=\"lightweight-accordion-body\"><div class=\"program-expander-content\">\n<div class=\"program-expander-left\">\n<img decoding=\"async\" class=\"program-expander-photo\" src=\"\/hair-kingdom\/wp-content\/uploads\/2025\/09\/Timovi-web-okruglistol.jpg\"\/>\n<\/div>\n<div class=\"program-expander-right\">\n<p class=\"program-expander-description\">Odprta razprava z izbranimi frizerji in strokovnjaki o razvoju poklica, izzivih ter prihodnosti frizerstva v Sloveniji. Vabljeni, da poslu\u0161ate, sodelujete in prispevate k skupnemu razmisleku.<\/p>\n<p class=\"program-expander-team\"><b>Moderator Mitja Sojer in gostje:<\/b> Mihaela \u017davbi, Bo\u0161tjan Jagrinec, Jani Mali, Marko \u017dagar in Meri Arifi<\/p>\n<\/div>\n<\/div>\n<\/div><\/details><\/div>\n<\/div>\n\n\n\n<div class=\"program-expander program-expander-dummy\">\n<div class=\"lightweight-accordion\"><details><summary class=\"lightweight-accordion-title\"><h3><span>17:30 \u2013 18:00<\/span> <div>Podelitev potrdil o udele\u017ebi<\/div><\/h3><\/summary><div class=\"lightweight-accordion-body\"><div class=\"program-expander-content\">\n<\/div>\n<\/div><\/details><\/div>\n<\/div>\n\n\n\n<div class=\"naslovna-team-box naslovna-team-box-1\">\n\n<p class=\"naslovna-team-intro\"><b>Spremljajte na\u0161e izobra\u017eevalce, ekipe in pokrovitelje na dru\u017ebenih omre\u017ejih<\/b><br>S klikom na <b>+<\/b> si oglejte njihove profile na dru\u017ebenih omre\u017ejih in spletne strani.<\/p>\n\n<div class=\"naslovna-team\">\n<img decoding=\"async\" class=\"team-photo\" src=\"\/hair-kingdom\/wp-content\/uploads\/2025\/09\/Timovi-web-Keune.jpg\">\n<h3>Keune Akademija<\/h3>\n\n<div class=\"lightweight-accordion\"><details><summary class=\"lightweight-accordion-title\"><span>&nbsp;<\/span><\/summary><div class=\"lightweight-accordion-body\"><div class=\"team-social-wrapper\">\n<a class=\"team-social\" href=\"https:\/\/www.instagram.com\/keune_akademija\" target=\"_blank\"><i class=\"fa-brands fa-instagram\"><\/i> @keune_akademija <\/a><br \/>\n<a class=\"team-social\" href=\"https:\/\/www.instagram.com\/keuneslovenija\/\" target=\"_blank\"><i class=\"fa-brands fa-instagram\"><\/i> @keuneslovenija <\/a><br \/>\n<a class=\"team-social\" href=\"https:\/\/www.facebook.com\/keuneakademija\/\" target=\"_blank\"><i class=\"fa-brands fa-facebook\"><\/i> @keuneakademija <\/a><br \/>\n<a class=\"team-social\" href=\"https:\/\/www.keune.si\/\" target=\"_blank\"><i class=\"fa-solid fa-globe\"><\/i> keune.si <\/a>\n<\/div>\n<\/div><\/details><\/div>\n<\/div> \n\n<div class=\"naslovna-team\">\n<img decoding=\"async\" class=\"team-photo\" src=\"\/hair-kingdom\/wp-content\/uploads\/2025\/07\/2-MicStyling.jpg\">\n<h3>Mi\u010d Styling<\/h3>\n\n<div class=\"lightweight-accordion\"><details><summary class=\"lightweight-accordion-title\"><span>&nbsp;<\/span><\/summary><div class=\"lightweight-accordion-body\"><div class=\"team-social-wrapper\">\n<a class=\"team-social\" href=\"https:\/\/www.instagram.com\/micstyling\/\" target=\"_blank\"><i class=\"fa-brands fa-instagram\"><\/i> @micstyling <\/a><br \/>\n<a class=\"team-social\" href=\"https:\/\/www.instagram.com\/paulmitchellslovenia\/\" target=\"_blank\"><i class=\"fa-brands fa-instagram\"><\/i> @paulmitchellslovenia <\/a><br \/>\n<a class=\"team-social\" href=\"https:\/\/www.facebook.com\/PaulMitchellHairCareHR\" target=\"_blank\"><i class=\"fa-brands fa-facebook\"><\/i> @paulmitchellhaircaresi <\/a><br \/>\n<a class=\"team-social\" href=\"https:\/\/www.pronega.si\/sl\/\" target=\"_blank\"><i class=\"fa-solid fa-globe\"><\/i> pronega.si <\/a>\n<\/div>\n<\/div><\/details><\/div>\n<\/div> \n\n<div class=\"naslovna-team\">\n<img decoding=\"async\" class=\"team-photo\" src=\"\/hair-kingdom\/wp-content\/uploads\/2025\/07\/3-kemon-1.jpg\">\n<h3>Trimu\u017eijat akademija<\/h3>\n\n<div class=\"lightweight-accordion\"><details><summary class=\"lightweight-accordion-title\"><span>&nbsp;<\/span><\/summary><div class=\"lightweight-accordion-body\"><div class=\"team-social-wrapper\">\n<a class=\"team-social\" href=\"https:\/\/www.instagram.com\/trimuzijat\/\" target=\"_blank\"><i class=\"fa-brands fa-instagram\"><\/i> @trimuzijat <\/a><br \/>\n<a class=\"team-social\" href=\"https:\/\/www.instagram.com\/kemon.slovenia\/\" target=\"_blank\"><i class=\"fa-brands fa-instagram\"><\/i> @kemon.slovenia <\/a><br \/>\n<a class=\"team-social\" href=\"https:\/\/www.facebook.com\/trimuzijat.slo\" target=\"_blank\"><i class=\"fa-brands fa-facebook\"><\/i> @trimuzijat.slo <\/a><br \/>\n<a class=\"team-social\" href=\"https:\/\/www.trimuzijat.com\/ \" target=\"_blank\"><i class=\"fa-solid fa-globe\"><\/i> trimuzijat.com <\/a>\n<\/div>\n<\/div><\/details><\/div>\n<\/div> \n\n<div class=\"naslovna-team\">\n<img decoding=\"async\" class=\"team-photo\" src=\"\/hair-kingdom\/wp-content\/uploads\/2025\/07\/4-Redken.jpg\">\n<h3>Dimitar Balev<\/h3>\n\n<div class=\"lightweight-accordion\"><details><summary class=\"lightweight-accordion-title\"><span>&nbsp;<\/span><\/summary><div class=\"lightweight-accordion-body\"><div class=\"team-social-wrapper\">\n<a class=\"team-social\" href=\"https:\/\/www.instagram.com\/dimi_balev_hair\/\" target=\"_blank\"><i class=\"fa-brands fa-instagram\"><\/i> @dimi_balev_hair <\/a><br \/>\n<a class=\"team-social\" href=\"https:\/\/www.instagram.com\/redkenpro\/\" target=\"_blank\"><i class=\"fa-brands fa-instagram\"><\/i> @redkenpro <\/a><br \/>\n<a class=\"team-social\" href=\"https:\/\/nobelcos.si\/\" target=\"_blank\"><i class=\"fa-solid fa-globe\"><\/i> nobelcos.si <\/a><br \/>\n<a class=\"team-social\" href=\"https:\/\/www.redken.com\/\" target=\"_blank\"><i class=\"fa-solid fa-globe\"><\/i> redken.com <\/a>\n<\/div>\n<\/div><\/details><\/div>\n<\/div> \n\n<div class=\"naslovna-team\">\n<img decoding=\"async\" class=\"team-photo\" src=\"\/hair-kingdom\/wp-content\/uploads\/2025\/07\/5-Balmain.jpg\">\n<h3>Petra Blatnik Ma\u010dek<\/h3>\n\n<div class=\"lightweight-accordion\"><details><summary class=\"lightweight-accordion-title\"><span>&nbsp;<\/span><\/summary><div class=\"lightweight-accordion-body\"><div class=\"team-social-wrapper\">\n<a class=\"team-social team-social\" href=\"https:\/\/www.instagram.com\/petra.blatnik.macek\/\" target=\"_blank\"><i class=\"fa-brands fa-instagram\"><\/i> @petra.blatnik.macek <\/a><br \/>\n<a class=\"team-social\" href=\"https:\/\/www.instagram.com\/haircouture_slo\/\" target=\"_blank\"><i class=\"fa-brands fa-instagram\"><\/i>@haircouture_slo <\/a><br \/>\n<a class=\"team-social\" href=\"https:\/\/www.instagram.com\/nobelcos_group_slovenija\/\" target=\"_blank\"><i class=\"fa-brands fa-instagram\"><\/i> @nobelcos_group_slovenija <\/a><br \/>\n<a class=\"team-social\" href=\"https:\/\/www.facebook.com\/petra.macek\" target=\"_blank\"><i class=\"fa-brands fa-facebook\"><\/i> @petra.macek <\/a><br \/>\n<a class=\"team-social\" href=\"https:\/\/www.nobelcos.si\/ \" target=\"_blank\"><i class=\"fa-solid fa-globe\"><\/i> nobelcos.si <\/a>\n<\/div>\n<\/div><\/details><\/div>\n<\/div> \n\n<div class=\"naslovna-team\">\n<img decoding=\"async\" class=\"team-photo\" src=\"\/hair-kingdom\/wp-content\/uploads\/2025\/09\/Timovi-web-wella.jpg\">\n<h3>Wella Education Team<\/h3>\n\n<div class=\"lightweight-accordion\"><details><summary class=\"lightweight-accordion-title\"><span>&nbsp;<\/span><\/summary><div class=\"lightweight-accordion-body\"><div class=\"team-social-wrapper\">\n<a class=\"team-social\" href=\"https:\/\/www.instagram.com\/wellahair_slovenija\/\" target=\"_blank\"><i class=\"fa-brands fa-instagram\"><\/i> @wellahair_slovenija <\/a><br \/>\n<a class=\"team-social\" href=\"https:\/\/www.facebook.com\/p\/Wella-Hair-Slovenija-61559915162248\/\" target=\"_blank\"><i class=\"fa-brands fa-facebook\"><\/i> @wella-hair-slovenija <\/a><br \/>\n<a class=\"team-social\" href=\"https:\/\/salonbeauty.shop\/\" target=\"_blank\"><i class=\"fa-solid fa-globe\"><\/i> salonbeauty.shop <\/a>\n<\/div>\n<\/div><\/details><\/div>\n<\/div> \n\n<\/div> <!-- end of .naslovna-team-box  -->\n\n\n\n<p class=\"kupi-ulaznice-cta\"><b>Ne zamudite ekskluzivne prilo\u017enosti \u2013 \u0161tevilo mest je omejeno.<\/b><br>\nRezerviraj svoje mesto zdaj!<\/p>\n<a class=\"program-ulaznice-button program-ulaznice-button-1\" href=\"https:\/\/www.barberclassicks.com\/products\/hairstyle-news\"><i class=\"fa-solid fa-cart-shopping\"><\/i> Kupi vstopnice<\/a>\n<\/div>\n<\/div> <!-- end of .naslovna-program-1  -->\n\n\n\n<div class=\"naslovna-program naslovna-program-2\">\n<div class=\"naslovna-program-inner boxed-content\">\n<img decoding=\"async\" class=\"naslovna-program-logo\" src=\"\/hair-kingdom\/wp-content\/uploads\/2025\/07\/BarbersClassicks.png\">\n<h3>Program izobra\u017eevanj Barber Classicks<\/h3>\n<p class=\"naslovna-program-datum\">Nedelja, 5.10.2025.<\/p>\n\n<div class=\"program-opis-intro\">\n<p>Leto\u0161nji Barber Classicks prina\u0161a edinstven preplet znanja in zabave v samo srce Slovenije \u2013 na veli\u010dastni <b>Ljubljanski grad<\/b>. Visoko nad mestom, z osupljivim razgledom in bogato zgodovinsko kuliso, grad ponuja navdihujo\u010de okolje za u\u010denje, povezovanje in ustvarjanje novih idej. Le korak stran od starega mestnega jedra, je to idealno prizori\u0161\u010de za strokovno izpopolnjevanje in u\u017eivanje v kulturnem utripu Ljubljane. Vo\u017enja z vzpenja\u010do pa poskrbi za dodatno do\u017eivetje.<\/p>\n<p><b>\u017deli\u0161 biti najbolj\u0161i? Potem se u\u010di od najbolj\u0161ih!<\/b><br>\nPet trendseterskih barberjev in neomejeno znanje za 200 udele\u017eencev.<\/p>\n<p>Za leto\u0161nji Barber Classicks smo zbrali ekipo pravih \u201cavengerjev\u201d \u2013 ve\u010d kot pet strokovnjakov iz Slovenije, Italije, Velike Britanije in Urugvaja bo z nami delilo svoje znanje, trike in pristope. <b>Emanuel Medina, Andrea Magri, Andrea Amighetti, Rawa Akram in Bricabarberica<\/b> bodo razstavili svoje tehnike, ki postavljajo standarde v industriji \u2013 in razlo\u017eili, kako jih lahko uporabite, da dvignete svoje znanje na novo raven.<\/p>\n<\/div>\n\n\n\n<p class=\"program-expander-intro\">S klikom na ime izobra\u017eevalca izveste ve\u010d o tem izobra\u017eevanju.<\/p>\n\n<div class=\"program-expander program-expander-dummy\">\n<div class=\"lightweight-accordion\"><details><summary class=\"lightweight-accordion-title\"><h3><span>10:00 \u2013 11:00<\/span> <div>Prihod udele\u017eencev in prevzem vstopnic<\/div><\/h3><\/summary><div class=\"lightweight-accordion-body\"><div class=\"program-expander-content\">\n<\/div>\n<\/div><\/details><\/div>\n<\/div>\n\n\n\n<div class=\"program-expander\">\n<div class=\"lightweight-accordion\"><details><summary class=\"lightweight-accordion-title\"><h3><span>11:00 \u2013 12:00<\/span> <div><strong>Rawa Akram<\/strong><\/div><\/h3><\/summary><div class=\"lightweight-accordion-body\"><div class=\"program-expander-content\">\n<div class=\"program-expander-left\">\n<img decoding=\"async\" class=\"program-expander-photo\" src=\"\/hair-kingdom\/wp-content\/uploads\/2025\/07\/1-RawaAkramB.jpg\"\/>\n<\/div>\n<div class=\"program-expander-right\">\n<p class=\"program-expander-description\">Z natan\u010dnostjo in strastjo prina\u0161a sve\u017e val navdiha iz Kurdistana na svetovni oder. Vplivi anglosaksonske scene in neustavljiva \u017eelja po znanju so ga leta 2024 pripeljali do ustanovitve lastne izobra\u017eevalne znamke. Tokrat prihaja z misijo \u2013 deliti miselnost in mojstrstvo, ki brivce spodbuja k rasti, ne le v ve\u0161\u010dinah, temve\u010d tudi v viziji.<\/p>\n<\/div>\n<\/div>\n<\/div><\/details><\/div>\n<\/div>\n\n\n\n<div class=\"program-expander\">\n<div class=\"lightweight-accordion\"><details><summary class=\"lightweight-accordion-title\"><h3><span>12:00 \u2013 13:00<\/span> <div><strong>Bricabarberica<\/strong><\/div><\/h3><\/summary><div class=\"lightweight-accordion-body\"><div class=\"program-expander-content\">\n<div class=\"program-expander-left\">\n<img decoding=\"async\" class=\"program-expander-photo\" src=\"\/hair-kingdom\/wp-content\/uploads\/2025\/07\/2-BricabarbericaB.jpg\"\/>\n<\/div>\n<div class=\"program-expander-right\">\n<p class=\"program-expander-description\">\u010clovek mnogih imen in talentov. Prvi je v Slovenijo prinesel sodobni barbering, danes pa svojo energijo vse bolj usmerja v izobra\u017eevanje nove generacije \u2013 namesto da bi strigel lase in brade, zdaj stri\u017ee meje med znanjem in navdihom.<\/p>\n<\/div>\n<\/div>\n<\/div><\/details><\/div>\n<\/div>\n\n\n\n<div class=\"program-expander\">\n<div class=\"lightweight-accordion\"><details><summary class=\"lightweight-accordion-title\"><h3><span>13:00 \u2013 14:00<\/span> <div><strong>Andrea Amighetti<\/strong><\/div><\/h3><\/summary><div class=\"lightweight-accordion-body\"><div class=\"program-expander-content\">\n<div class=\"program-expander-left\">\n<img decoding=\"async\" class=\"program-expander-photo\" src=\"\/hair-kingdom\/wp-content\/uploads\/2025\/07\/3-AndreaAmighettiB.jpg\"\/>\n<\/div>\n<div class=\"program-expander-right\">\n<p class=\"program-expander-description\">Od friziranja v vrtu svojih star\u0161ev do vodenja seminarjev po vsem svetu \u2013 njegova pot iz Milana je bila vse prej kot obi\u010dajna. Zdru\u017euje natan\u010dnost britanske \u0161ole, gladke prehode Miamija in brez\u010dasni italijanski slog. Pri\u010dakujte mojstrski razred sodobnega barberinga s strani nekoga, ki \u017eivi in diha razvoj obrti.<\/p>\n<\/div>\n<\/div>\n<\/div><\/details><\/div>\n<\/div>\n\n\n\n<div class=\"program-expander\">\n<div class=\"lightweight-accordion\"><details><summary class=\"lightweight-accordion-title\"><h3><span>15:00 \u2013 16:00<\/span> <div><strong>Kevin Luchmun<\/strong><\/div><\/h3><\/summary><div class=\"lightweight-accordion-body\"><div class=\"program-expander-content\">\n<div class=\"program-expander-left\">\n<img decoding=\"async\" class=\"program-expander-photo\" src=\"\/hair-kingdom\/wp-content\/uploads\/2025\/08\/KevinLuchmun.webp\"\/>\n<\/div>\n<div class=\"program-expander-right\">\n<p class=\"program-expander-description\">Znano po svoji natan\u010dnosti in ostri estetiki, Kevin spretno zdru\u017euje klasi\u010dno brivstvo s sodobnim mo\u0161kim frizerstvom. S sede\u017eem v Londonu je ve\u010d let deloval kot mednarodni umetni\u0161ki direktor pri Toni &#038; Guy, kjer je vodil mo\u0161ko izobra\u017eevanje po vsem svetu.<\/p>\n<\/div>\n<\/div>\n<\/div><\/details><\/div>\n<\/div>\n\n\n\n<div class=\"program-expander\">\n<div class=\"lightweight-accordion\"><details><summary class=\"lightweight-accordion-title\"><h3><span>16:00 \u2013 17:00<\/span> <div><strong>Andrea Magri<\/strong><\/div><\/h3><\/summary><div class=\"lightweight-accordion-body\"><div class=\"program-expander-content\">\n<div class=\"program-expander-left\">\n<img decoding=\"async\" class=\"program-expander-photo\" src=\"\/hair-kingdom\/wp-content\/uploads\/2025\/07\/4-AndreaMagriB.jpg\"\/>\n<\/div>\n<div class=\"program-expander-right\">\n<p class=\"program-expander-description\">Poznan po izjemni natan\u010dnosti in tehni\u010dnem pristopu. Iz Italije prihaja z namenom, da vam spremeni pogled na stri\u017eenje. Z ozadjem v psihologiji in geometrijskem razmi\u0161ljanju razkriva logiko za vsakim gibom \u2013 nau\u010dil vas bo ne le \u201ckako\u201d, temve\u010d predvsem \u201czakaj\u201d. Pripravite se, da ponovno premislite osnove.<\/p>\n<\/div>\n<\/div>\n<\/div><\/details><\/div>\n<\/div>\n\n\n\n<div class=\"program-expander\">\n<div class=\"lightweight-accordion\"><details><summary class=\"lightweight-accordion-title\"><h3><span>17:00 \u2013 18:00<\/span> <div><strong>Emanuel Medina<\/strong><\/div><\/h3><\/summary><div class=\"lightweight-accordion-body\"><div class=\"program-expander-content\">\n<div class=\"program-expander-left\">\n<img decoding=\"async\" class=\"program-expander-photo\" src=\"\/hair-kingdom\/wp-content\/uploads\/2025\/07\/5-EmanuelMedinaB.jpg\"\/>\n<\/div>\n<div class=\"program-expander-right\">\n<p class=\"program-expander-description\">Ustvarjalen stilist, znan po inovativnih tehnikah stri\u017eenja. Iz Urugvaja prihaja pokazat skrivnosti svojih fade prehodov, ki \u0161e vedno begajo \u0161tevilne barberje \u2013 \u010deprav je \u017ee dolgo del svetovne scene.<\/p>\n<\/div>\n<\/div>\n<\/div><\/details><\/div>\n<\/div>\n\n\n\n<div class=\"program-expander\">\n<div class=\"lightweight-accordion\"><details><summary class=\"lightweight-accordion-title\"><h3><span>19:00<em> - 20:00 <\/em><\/span> <div><strong>Drunken Contest<\/strong> \u2013 Tekmovanje brivcev<\/div><\/h3><\/summary><div class=\"lightweight-accordion-body\"><div class=\"program-expander-content\">\n<div class=\"program-expander-left\">\n<img decoding=\"async\" class=\"program-expander-photo\" src=\"\/hair-kingdom\/wp-content\/uploads\/2025\/07\/Barberi-natjecanje.jpg\"\/>\n<\/div>\n<div class=\"program-expander-right\">\n<p class=\"program-expander-description\">Letos bo druga\u010de. Pridru\u017ei se najbolj norem barber tekmovanju do zdaj! Tokrat lahko tekmujejo le najpogumnej\u0161i \u2013 in najbolj opiti.<\/p>\n<p class=\"program-expander-description\">Tako kot vitezi neko\u010d, se mora tudi vsak pravi bojevnik najprej napiti. Za vstop v tekmovanje mora\u0161 napihati vsaj 1,0 \u2030. Pripelji svoj model in poka\u017ei, kaj zna\u0161 \u2013 pod vplivom.<\/p>\n<p class=\"program-expander-description\"><b>Nagrada za zmagovalca: 500 \u20ac<\/b><\/p>\n<p class=\"program-expander-description\"><b>Kotizacija: 50 \u20ac<\/b>  (vklju\u010duje neomejene pija\u010de na \u0161anku)<\/p>\n<p class=\"program-expander-description\">Prijave in izbira kategorij potekajo na baru.<\/p>\n<\/div>\n<\/div>\n<\/div><\/details><\/div>\n<\/div>\n\n\n\n<div class=\"naslovna-team-box naslovna-team-box-2\">\n\n<p class=\"naslovna-team-intro\"><b>Spremljajte na\u0161e izobra\u017eevalce na dru\u017ebenih omre\u017ejih.<\/b><br>S klikom na <b>+<\/b> si oglejte njihove profile na dru\u017ebenih omre\u017ejih.<\/p>\n\n<div class=\"naslovna-team\">\n<img decoding=\"async\" class=\"team-photo\" src=\"\/hair-kingdom\/wp-content\/uploads\/2025\/07\/1-RawaAkramB.jpg\">\n<h3>Rawa Akram<\/h3>\n<div class=\"lightweight-accordion\"><details><summary class=\"lightweight-accordion-title\"><span>&nbsp;<\/span><\/summary><div class=\"lightweight-accordion-body\"><div class=\"team-social-wrapper\">\n<a class=\"team-social\" href=\"https:\/\/www.instagram.com\/rawaakramm\/\" target=\"_blank\"><i class=\"fa-brands fa-instagram\"><\/i> @rawaakramm <\/a>\n<\/div>\n<\/div><\/details><\/div>\n<\/div> \n\n<div class=\"naslovna-team\">\n<img decoding=\"async\" class=\"team-photo\" src=\"\/hair-kingdom\/wp-content\/uploads\/2025\/07\/2-BricabarbericaB.jpg\">\n<h3>Bricabarberica<\/h3>\n<div class=\"lightweight-accordion\"><details><summary class=\"lightweight-accordion-title\"><span>&nbsp;<\/span><\/summary><div class=\"lightweight-accordion-body\"><div class=\"team-social-wrapper\">\n<a class=\"team-social\" href=\"https:\/\/www.instagram.com\/bricabarberica\/\" target=\"_blank\"><i class=\"fa-brands fa-instagram\"><\/i> @bricabarberica <\/a>\n<\/div>\n<\/div><\/details><\/div>\n<\/div> \n\n<div class=\"naslovna-team\">\n<img decoding=\"async\" class=\"team-photo\" src=\"\/hair-kingdom\/wp-content\/uploads\/2025\/07\/3-AndreaAmighettiB.jpg\">\n<h3>Andrea Amighetti<\/h3>\n<div class=\"lightweight-accordion\"><details><summary class=\"lightweight-accordion-title\"><span>&nbsp;<\/span><\/summary><div class=\"lightweight-accordion-body\"><div class=\"team-social-wrapper\">\n<a class=\"team-social\" href=\"https:\/\/www.instagram.com\/andrea.amighetti.barber\/\" target=\"_blank\"><i class=\"fa-brands fa-instagram\"><\/i> @andrea.amighetti.barber <\/a>\n<\/div>\n<\/div><\/details><\/div>\n<\/div> \n\n<div class=\"naslovna-team\">\n<img decoding=\"async\" class=\"team-photo\" src=\"\/hair-kingdom\/wp-content\/uploads\/2025\/08\/KevinLuchmun.webp\">\n<h3>Kevin Luchmun<\/h3>\n<div class=\"lightweight-accordion\"><details><summary class=\"lightweight-accordion-title\"><span>&nbsp;<\/span><\/summary><div class=\"lightweight-accordion-body\"><div class=\"team-social-wrapper\">\n<a class=\"team-social\" href=\"https:\/\/www.instagram.com\/kevinluchmun\/\" target=\"_blank\"><i class=\"fa-brands fa-instagram\"><\/i> @kevinluchmun <\/a>\n<\/div>\n<\/div><\/details><\/div>\n<\/div> \n\n<div class=\"naslovna-team\">\n<img decoding=\"async\" class=\"team-photo\" src=\"\/hair-kingdom\/wp-content\/uploads\/2025\/07\/4-AndreaMagriB.jpg\">\n<h3>Andrea Magri<\/h3>\n<div class=\"lightweight-accordion\"><details><summary class=\"lightweight-accordion-title\"><span>&nbsp;<\/span><\/summary><div class=\"lightweight-accordion-body\"><div class=\"team-social-wrapper\">\n<a class=\"team-social\" href=\"https:\/\/www.instagram.com\/il.magri\/\" target=\"_blank\"><i class=\"fa-brands fa-instagram\"><\/i> @il.magri <\/a>\n<\/div>\n<\/div><\/details><\/div>\n<\/div> \n\n<div class=\"naslovna-team\">\n<img decoding=\"async\" class=\"team-photo\" src=\"\/hair-kingdom\/wp-content\/uploads\/2025\/07\/5-EmanuelMedinaB.jpg\">\n<h3>Emanuel Medina<\/h3>\n<div class=\"lightweight-accordion\"><details><summary class=\"lightweight-accordion-title\"><span>&nbsp;<\/span><\/summary><div class=\"lightweight-accordion-body\"><div class=\"team-social-wrapper\">\n<a class=\"team-social\" href=\"https:\/\/www.instagram.com\/ema_medinaok\/\" target=\"_blank\"><i class=\"fa-brands fa-instagram\"><\/i> @ema_medinaok <\/a>\n<\/div>\n<\/div><\/details><\/div>\n<\/div> \n\n<div class=\"naslovna-team\">\n<img decoding=\"async\" class=\"team-photo\" src=\"\/hair-kingdom\/wp-content\/uploads\/2025\/07\/Barberi-natjecanje.jpg\">\n<h3>Drunken Contest<\/h3>\n<div class=\"lightweight-accordion\"><details><summary class=\"lightweight-accordion-title\"><span>&nbsp;<\/span><\/summary><div class=\"lightweight-accordion-body\"><p class=\"team-description\">Tokrat se lahko pomerijo samo najpogumnej\u0161i&#8230;<\/p>\n<\/div><\/details><\/div>\n<\/div> \n\n<\/div> <!-- end of .naslovna-team-box  -->\n\n\n\n<p class=\"kupi-ulaznice-cta\"><b>Ne zamudite ekskluzivne prilo\u017enosti \u2013 \u0161tevilo mest je omejeno.<\/b> <br>\nRezerviraj svoje mesto zdaj!<\/p>\n<a class=\"program-ulaznice-button program-ulaznice-button-2\" href=\"https:\/\/www.barberclassicks.com\/collections\/barberclassicks-tickets\"><i class=\"fa-solid fa-cart-shopping\"><\/i> Kupi vstopnice<\/a>\n<\/div>\n<\/div> <!-- end of .naslovna-program-2  -->\n\n\n\n<div class=\"naslovna-program naslovna-program-3\">\n<div class=\"naslovna-program-inner boxed-content\">\n<img decoding=\"async\" class=\"naslovna-program-logo\" src=\"\/hair-kingdom\/wp-content\/uploads\/2025\/07\/BarbersClassicks.png\">\n<h3>Barber Classicks Hands-On delavnice (prakti\u010dno delo na lutkah)<\/h3>\n<p class=\"naslovna-program-datum\">Sobota, 4.10.2025.<\/p>\n<p class=\"naslovna-program-intro\"><b>Ste pripravljeni dvigniti svoje znanje na vi\u0161jo raven in postati brivec ali brivka, ki izstopa iz mno\u017eice?<\/b><\/p>\n<p class=\"naslovna-program-intro\">Pridru\u017ei se <b>Hands-On delavnicam<\/b>, zasnovanim posebej za ambiciozne barberje kot si ti! Delavnice bodo potekale v intimnih skupinah (najve\u010d 8 oseb) pod vodstvom <b>Emanuela Medine, Andree Magrija, Andree Amighettija in Rawe Akrama.<\/b><\/p>\n\n\n\n<div class=\"program-expander program-expander-dummy\">\n<div class=\"lightweight-accordion\"><details><summary class=\"lightweight-accordion-title\"><h3><span>10:00 \u2013 15:00<\/span> <div><b>ANDREA AMIGHETTI<\/b> \u2013 Mod Mullet<\/div><\/h3><\/summary><div class=\"lightweight-accordion-body\"><div class=\"program-expander-content\">\n<\/div>\n<\/div><\/details><\/div>\n<\/div>\n\n\n\n<div class=\"program-expander program-expander-dummy\">\n<div class=\"lightweight-accordion\"><details><summary class=\"lightweight-accordion-title\"><h3><span>15:00 \u2013 20:00<\/span> <div><b>RAWA AKRAM<\/b> \u2013 Graduated slick back with disconnection on the nape<\/div><\/h3><\/summary><div class=\"lightweight-accordion-body\"><div class=\"program-expander-content\">\n<\/div>\n<\/div><\/details><\/div>\n<\/div>\n\n\n\n<div class=\"program-expander program-expander-dummy\">\n<div class=\"lightweight-accordion\"><details><summary class=\"lightweight-accordion-title\"><h3><span>12:00 \u2013 17:00<\/span> <div><b>EMANUEL MEDINA<\/b> \u2013 Burst Fade<\/div><\/h3><\/summary><div class=\"lightweight-accordion-body\"><div class=\"program-expander-content\">\n<\/div>\n<\/div><\/details><\/div>\n<\/div>\n\n\n\n<div class=\"program-expander program-expander-dummy\">\n<div class=\"lightweight-accordion\"><details><summary class=\"lightweight-accordion-title\"><h3><span>12:00 \u2013 17:00<\/span> <div><b>ANDREA MAGRI<\/b> \u2013 Mullet<\/div><\/h3><\/summary><div class=\"lightweight-accordion-body\"><div class=\"program-expander-content\">\n<\/div>\n<\/div><\/details><\/div>\n<\/div>\n\n\n\n<p class=\"kupi-ulaznice-cta\"><b>Ne zamudite ekskluzivne prilo\u017enosti \u2013 \u0161tevilo mest je omejeno.<\/b><br>\nRezerviraj svoje mesto zdaj!<\/p>\n<a class=\"program-ulaznice-button program-ulaznice-button-3\" href=\"https:\/\/www.barberclassicks.com\/collections\/barberclassicks-tickets\"><i class=\"fa-solid fa-cart-shopping\"><\/i> Kupi vstopnice<\/a>\n<\/div>\n<\/div> <!-- end of .naslovna-program-3  -->\n\n\n\n<a name=\"sajam\" class=\"anchor anchor-sajam\"><\/a>\n<div class=\"naslovna-plan\">\n<div class=\"naslovna-plan-inner boxed-content\">\n\n\n\n<h2>Hair Kingdom 2025 &#8211; Sejem<\/h2>\n<p class=\"plan-intro\">Sejem je odli\u010dna prilo\u017enost za spoznavanje blagovnih znamk, vzpostavljanje novih sodelovanj in odkrivanje novosti, ki lahko izbolj\u0161ajo va\u0161e poslovanje. V nadaljevanju si oglejte seznam razstavljavcev, ki bodo predstavili najnovej\u0161e izdelke, orodja in inovacije iz sveta frizerstva in barberstva.<\/p>\n<img decoding=\"async\" class=\"plan-map-full\" src=\"\/hair-kingdom\/wp-content\/uploads\/2025\/10\/Plan-SLO.png\" title=\"\" alt=\"\">\n<ul class=\"plan-map-legend\"> \n<li class=\"mark mark-2\"><span>&nbsp;<\/span><em>Izobra\u017eevanje Barber Classicks<\/em><\/li>\n<li class=\"mark mark-4\"><span>&nbsp;<\/span><em>Sejem Barber Classicks<\/em><\/li>\n<li class=\"mark mark-1\"><span>&nbsp;<\/span><em>Izobra\u017eevanje Hairstyle News<\/em><\/li>\n<li class=\"mark mark-3\"><span>&nbsp;<\/span><em>Sejem Hairstyle News<\/em><\/li>\n<\/ul>\n<p class=\"sajam-radno-vrijeme\"><b>Obratovalni \u010das sejma:<\/b> 10:00 &#8211; 18:00<\/p>\n\n<div class=\"izlagaci-wrapper izlagaci-wrapper-3col\">\n<div class=\"izlagaci-left\">\n<\/div>\n\n<div class=\"izlagaci-right\">\n<h3>Seznam razstavljavcev na sejmu<\/h3>\n<ul class=\"popis-izlagaca\">\n\n<li class=\"izlagac-vizitka\">\n<div class=\"lightweight-accordion\"><details><summary class=\"lightweight-accordion-title\"><h4><span>ID FACTORY HAIR GROUP<\/span> <em>\u0160tand 11<\/em><\/h4><\/summary><div class=\"lightweight-accordion-body\"><ul class=\"izlagac-podaci\">\n<li>Kolodvorska 16<\/li>\n<li>1000 Ljubljana<\/li>\n<li class=\"vizitka-razmak\">Mob: +386 40 750 464<\/li>\n<li>E-mail: <a href=\"mailto:info@idfactoryhairgroup.com\">info@idfactoryhairgroup.com<\/a><\/li>\n<li><a href=\"https:\/\/idfactoryhairgroup.com\/\" target=\"_blank\" rel=\"noopener\">idfactoryhairgroup.com<\/a><\/li>\n<li>FB: <a href=\"https:\/\/web.facebook.com\/ndsalonljubljana\" target=\"_blank\" rel=\"noopener\">ID_Factory_Hair_Group<\/a><\/li>\n<li>IG: <a href=\"https:\/\/www.instagram.com\/id_factory_hair_group\/\" target=\"_blank\" rel=\"noopener\">@ID_Factory_Hair_Group<\/a><\/li>\n<li class=\"vizitka-brands\">Academy<\/li>\n<li class=\"vizitka-kategorije\"><span>9<\/span><\/li>\n<\/ul>\n<\/div><\/details><\/div>\n<\/li>\n\n<li class=\"izlagac-vizitka\">\n<div class=\"lightweight-accordion\"><details><summary class=\"lightweight-accordion-title\"><h4><span>KEUNE ADRIA d.o.o.<\/span> <em>\u0160tand 16<\/em><\/h4><\/summary><div class=\"lightweight-accordion-body\"><ul class=\"izlagac-podaci\">\n<li>Pot k sejmi\u0161\u010du 30<\/li>\n<li>1231 Ljubljana &#8211; \u010crnu\u010de<\/li>\n<li class=\"vizitka-razmak\">Tel: +386 590 69 640<\/li>\n<li class=\"vizitka-razmak\">Mob: +386 31 603 788<\/li>\n<li>E-mail: <a href=\"mailto:matevz.first@keune.si\">matevz.first@keune.si<\/a><\/li>\n<li><a href=\"https:\/\/keune.si\/\" target=\"_blank\" rel=\"noopener\">keune.si<\/a><\/li>\n<li>FB: <a href=\"https:\/\/web.facebook.com\/KeuneHaircosmetics\" target=\"_blank\" rel=\"noopener\">KeuneHaircosmetics<\/a><\/li>\n<li>IG: <a href=\"https:\/\/www.instagram.com\/keunehaircosmetics\/\" target=\"_blank\" rel=\"noopener\">@KeuneHaircosmetics<\/a><\/li>\n<li class=\"vizitka-brands\">Keune<\/li>\n<li class=\"vizitka-kategorije\"><span>1<\/span><span>2<\/span><span>9<\/span><\/li>\n<\/ul>\n<\/div><\/details><\/div>\n<\/li>\n\n<li class=\"izlagac-vizitka\">\n<div class=\"lightweight-accordion\"><details><summary class=\"lightweight-accordion-title\"><h4><span>L\u2019OR\u00c9AL ADRIA d.o.o.<\/span> <em>\u0160tand 13, 19<\/em><\/h4><\/summary><div class=\"lightweight-accordion-body\"><ul class=\"izlagac-podaci\">\n<li>Slavonska avenija 1C<\/li>\n<li>10000 Zagreb, HR<\/li>\n<li class=\"vizitka-razmak\">Tel: +385 1 6064 920<\/li>\n<li class=\"vizitka-razmak\">Mob: +385 91 6311 160<\/li>\n<li>E-mail: <a href=\"mailto:reception.croatia@loreal.com\">reception.croatia@loreal.com<\/a><\/li>\n<li><a href=\"https:\/\/loreal.com\/sl-si\/adria-balkan\/\" target=\"_blank\" rel=\"noopener\">loreal.com\/sl-si\/adria-balkan<\/a><\/li>\n<li>IG: <a href=\"https:\/\/www.instagram.com\/redkenpowernetwork_croatia\/\" target=\"_blank\" rel=\"noopener\">@RedkenPowerNetwork_Croatia<\/a><\/li>\n<li>IG: <a href=\"https:\/\/www.instagram.com\/matrix\/\" target=\"_blank\" rel=\"noopener\">@Matrix<\/a><\/li>\n<li class=\"vizitka-brands\">Redken, Matrix<\/li>\n<li class=\"vizitka-kategorije\"><span>1<\/span><span>2<\/span><span>9<\/span><\/li>\n<\/ul>\n<\/div><\/details><\/div>\n<\/li>\n<\/ul>\n<ul class=\"popis-izlagaca\">\n<li class=\"izlagac-vizitka\">\n<div class=\"lightweight-accordion\"><details><summary class=\"lightweight-accordion-title\"><h4><span>NOBELCOS GROUP d.o.o.<\/span> <em>\u0160tand 18<\/em><\/h4><\/summary><div class=\"lightweight-accordion-body\"><ul class=\"izlagac-podaci\">\n<li>Liparjeva cesta 6a<\/li>\n<li>1234 Menge\u0161<\/li>\n<li class=\"vizitka-razmak\">Mob: 091 534 0112<\/li>\n<li>E-mail: <a href=\"mailto:info@nobelcos.si\">info@nobelcos.si<\/a><\/li>\n<li><a href=\"https:\/\/nobelcos.si\/\" target=\"_blank\" rel=\"noopener\">nobelcos.si<\/a><\/li>\n<li>IG: <a href=\"https:\/\/www.instagram.com\/nobelcos_group_slovenija\/\" target=\"_blank\" rel=\"noopener\">@Nobelcos_Group_Slovenija<\/a><\/li>\n<li class=\"vizitka-brands\">Balmain Hair Couture<\/li>\n<li class=\"vizitka-kategorije\"><span>1<\/span><span>2<\/span><span>3<\/span><span>4<\/span><span>5<\/span><span>6<\/span><span>7<\/span><span>8<\/span><span>9<\/span><span>16<\/span><\/li>\n<\/ul>\n<\/div><\/details><\/div>\n<\/li>\n\n<li class=\"izlagac-vizitka\">\n<div class=\"lightweight-accordion\"><details><summary class=\"lightweight-accordion-title\"><h4><span>ORBICO d.o.o.<\/span> <em>\u0160tand 12, 17<\/em><\/h4><\/summary><div class=\"lightweight-accordion-body\"><ul class=\"izlagac-podaci\">\n<li>Kotura\u0161ka Cesta 69<\/li>\n<li>10 000 Zagreb, HR<\/li>\n<li class=\"vizitka-razmak\">Tel: +386 1 588 68 00<\/li>\n<li class=\"vizitka-razmak\">Mob: +386 31 570 952<\/li>\n<li>E-mail: <a href=\"mailto:info.si@orbico.com\">info.si@orbico.com<\/a><\/li>\n<li><a href=\"https:\/\/salonbeauty.shop\/\" target=\"_blank\" rel=\"noopener\">salonbeauty.shop<\/a><\/li>\n<li>FB: <a href=\"https:\/\/web.facebook.com\/profile.php?id=61559915162248\" target=\"_blank\" rel=\"noopener\">Wella-Hair-Slovenija<\/a><\/li>\n<li>IG: <a href=\"https:\/\/www.instagram.com\/wellahair_slovenija\/\" target=\"_blank\" rel=\"noopener\">@Wella-Hair-Slovenija<\/a><\/li>\n<li>FB: <a href=\"https:\/\/web.facebook.com\/DavinesSlovenija\" target=\"_blank\" rel=\"noopener\">DavinesSlovenija<\/a><\/li>\n<li>IG: <a href=\"https:\/\/www.instagram.com\/davinesslovenija\/\" target=\"_blank\" rel=\"noopener\">@DavinesSlovenija<\/a><\/li>\n<li class=\"vizitka-brands\">Wella Professionals, Davines<\/li>\n<li class=\"vizitka-kategorije\"><span>1<\/span><span>2<\/span><\/li>\n<\/ul>\n<\/div><\/details><\/div>\n<\/li>\n\n<li class=\"izlagac-vizitka\">\n<div class=\"lightweight-accordion\"><details><summary class=\"lightweight-accordion-title\"><h4><span>PRAVI RAJ d.o.o.<\/span> <em>\u0160tand 15<\/em><\/h4><\/summary><div class=\"lightweight-accordion-body\"><ul class=\"izlagac-podaci\">\n<li>Blatna Brezovica 37<\/li>\n<li>1360 Vrhnika<\/li>\n<li class=\"vizitka-razmak\">Mob: +386 31 383 367<\/li>\n<li>E-mail: <a href=\"mailto:nina@revija-frizer.si\">nina@revija-frizer.si<\/a><\/li>\n<li><a href=\"https:\/\/revija-frizer.si\/\" target=\"_blank\" rel=\"noopener\">revija-frizer.si<\/a><\/li>\n<li>FB: <a href=\"https:\/\/web.facebook.com\/RevijaFrizer\" target=\"_blank\" rel=\"noopener\">RevijaFrizer<\/a><\/li>\n<li>IG: <a href=\"https:\/\/www.instagram.com\/revijafrizer\/\" target=\"_blank\" rel=\"noopener\">@RevijaFrizer<\/a><\/li>\n<li class=\"vizitka-brands\">Revija Frizer<\/li>\n<li class=\"vizitka-kategorije\"><span>14<\/span><\/li>\n<\/ul>\n<\/div><\/details><\/div>\n<\/li>\n<\/ul>\n<ul class=\"popis-izlagaca\">\n<li class=\"izlagac-vizitka\">\n<div class=\"lightweight-accordion\"><details><summary class=\"lightweight-accordion-title\"><h4><span>PRONEGA d.o.o.<\/span> <em>\u0160tand 10, 20<\/em><\/h4><\/summary><div class=\"lightweight-accordion-body\"><ul class=\"izlagac-podaci\">\n<li>Vipol\u017ee 19B<\/li>\n<li>5212 Dobrovo v Brdih<\/li>\n<li class=\"vizitka-razmak\">Tel: +386 5 \/ 395 95 00<\/li>\n<li class=\"vizitka-razmak\">Mob: +386 31 691 777<\/li>\n<li>E-mail: <a href=\"mailto:info@pronega.si\">info@pronega.si<\/a><\/li>\n<li><a href=\"https:\/\/pronega.si\/\" target=\"_blank\" rel=\"noopener\">pronega.si<\/a><\/li>\n<li>FB: <a href=\"https:\/\/web.facebook.com\/pronegaslovenija\" target=\"_blank\" rel=\"noopener\">PronegaSlovenija<\/a><\/li>\n<li>IG: <a href=\"https:\/\/www.instagram.com\/pronegaslovenija\/\" target=\"_blank\" rel=\"noopener\">@PronegaSlovenija<\/a><\/li>\n<li class=\"vizitka-brands\">Paul Mitchell, Depot<\/li>\n<li class=\"vizitka-kategorije\"><span>1<\/span><span>2<\/span><span>3<\/span><span>5<\/span><span>6<\/span><span>10<\/span><span>16<\/span><\/li>\n<\/ul>\n<\/div><\/details><\/div>\n<\/li>\n\n<li class=\"izlagac-vizitka\">\n<div class=\"lightweight-accordion\"><details><summary class=\"lightweight-accordion-title\"><h4><span>SALON PREMIUM<\/span> <em>\u0160tand 7, 8<\/em><\/h4><\/summary><div class=\"lightweight-accordion-body\"><ul class=\"izlagac-podaci\">\n<li>Zavrtnica 17<\/li>\n<li>10 000 Zagreb, HR<\/li>\n<li class=\"vizitka-razmak\">Tel: +385 1 6314191<\/li>\n<li class=\"vizitka-razmak\">Mob: +385 99 6894 066<\/li>\n<li>E-mail: <a href=\"mailto:info@salonpremium.com\">info@salonpremium.com<\/a><\/li>\n<li><a href=\"https:\/\/salonpremium.com\/\" target=\"_blank\" rel=\"noopener\">salonpremium.com<\/a><\/li>\n<li><a href=\"https:\/\/sp-oprema.com\/\" target=\"_blank\" rel=\"noopener\">sp-oprema.com<\/a><\/li>\n<li><a href=\"https:\/\/samofrizeri.com\/\" target=\"_blank\" rel=\"noopener\">samofrizeri.com<\/a><\/li>\n<li>FB: <a href=\"https:\/\/web.facebook.com\/SALONPREMIUM.SHOP\" target=\"_blank\" rel=\"noopener\">SalonPremium.Shop<\/a><\/li>\n<li>IG: <a href=\"https:\/\/www.instagram.com\/salonpremium_com\/\" target=\"_blank\" rel=\"noopener\">SalonPremium_com<\/a><\/li>\n<li class=\"vizitka-brands\">Uppercut, BaByliss PRO<\/li>\n<li class=\"vizitka-kategorije\"><span>1<\/span><span>2<\/span><span>5<\/span><span>6<\/span><span>7<\/span><span>9<\/span><span>16<\/span><\/li>\n<\/ul>\n<\/div><\/details><\/div>\n<\/li>\n\n<li class=\"izlagac-vizitka\">\n<div class=\"lightweight-accordion\"><details><summary class=\"lightweight-accordion-title\"><h4><span>TRIMU\u017dIJAT d.o.o.<\/span> <em>\u0160tand 9, 14<\/em><\/h4><\/summary><div class=\"lightweight-accordion-body\"><ul class=\"izlagac-podaci\">\n<li>Orehovlje 2A<\/li>\n<li>5291 Miren<\/li>\n<li class=\"vizitka-razmak\">Tel: +386 53 \/ 331 641<\/li>\n<li class=\"vizitka-razmak\">Mob: +386 41 632 067<\/li>\n<li>E-mail: <a href=\"mailto:info@trimuzijat.com\">info@trimuzijat.com<\/a><\/li>\n<li><a href=\"https:\/\/trimuzijat.com\/\" target=\"_blank\" rel=\"noopener\">trimuzijat.com<\/a><\/li>\n<li>FB: <a href=\"https:\/\/web.facebook.com\/trimuzijat.slo\" target=\"_blank\" rel=\"noopener\">Trimuzijat.slo<\/a><\/li>\n<li>IG: <a href=\"https:\/\/www.instagram.com\/trimuzijat\/\" target=\"_blank\" rel=\"noopener\">@Trimuzijat<\/a><\/li>\n<li class=\"vizitka-brands\">Kemon, Maletti<\/li>\n<li class=\"vizitka-kategorije\"><span>1<\/span><span>2<\/span><span>6<\/span><span>9<\/span><\/li>\n<\/ul>\n<\/div><\/details><\/div>\n<\/li>\n\n<\/ul>\n<\/div>\n<\/div>\n\n<div id=\"kategorije-wrapper\">\n<h3>KATEGORIJE RAZSTAVLJAVCEV<\/h3>\n<ul>\n \t<li><span class=\"kat-broj\">1<\/span>Nega in barvanje las<\/li>\n \t<li><span class=\"kat-broj\">2<\/span>Oblikovanje in stiliranje las<\/li>\n \t<li><span class=\"kat-broj\">3<\/span>Podalj\u0161ki za lase (ekstenzije)<\/li>\n \t<li><span class=\"kat-broj\">4<\/span>Lasulje in lasni vlo\u017eki<\/li>\n \t<li><span class=\"kat-broj\">5<\/span>Elektri\u010dne naprave in pripomo\u010dki<\/li>\n \t<li><span class=\"kat-broj\">6<\/span>Salonska oprema in pohi\u0161tvo<\/li>\n \t<li><span class=\"kat-broj\">7<\/span>Lasni dodatki in okraski<\/li>\n \t<li><span class=\"kat-broj\">8<\/span>Delovna obla\u010dila in brisa\u010de<\/li>\n \t<li><span class=\"kat-broj\">9<\/span>Izobra\u017eevanje in usposabljanje<\/li>\n \t<li><span class=\"kat-broj\">10<\/span>Nega in oblikovanje nohtov<\/li>\n \t<li><span class=\"kat-broj\">11<\/span>Li\u010dila<\/li>\n \t<li><span class=\"kat-broj\">12<\/span>Knjige in plakati<\/li>\n \t<li><span class=\"kat-broj\">13<\/span>Programska oprema \/ Aplikacije<\/li>\n \t<li><span class=\"kat-broj\">14<\/span>Revije<\/li>\n \t<li><span class=\"kat-broj\">15<\/span>Spletni portali<\/li>\n \t<li><span class=\"kat-broj\">16<\/span>Spletne trgovine<\/li>\n<\/ul>\n<\/div><!-- end of kategorije-wrapper -->\n\n\n\n<\/div>\n<\/div> <!-- end of .naslovna-plan  -->\n\n\n\n<a name=\"ulaznice\" class=\"anchor anchor-ulaznice\"><\/a>\n<div class=\"naslovna-ulaznice\">\n<div class=\"naslovna-ulaznice-inner\">\n<h2>Vstopnice za Hair Kingdom 2025<\/h2>\n<p class=\"ulaznice-intro\">Zagotovite si svoje mesto na vrhunskem frizersko-barberskem dogodku! \u0160tevilo mest je omejeno. V nadaljevanju najdete vse informacije o vrstah vstopnic, cenah in ugodnostih, ki jih posamezna vstopnica vklju\u010duje.<\/p>\n<p class=\"ulaznice-intro\">Naenkrat je mogo\u010de kupiti samo <b>eno vstopnico<\/b> zaradi unikatnih QR kod in vpisa imena za diplomo. \u010ce \u017eelite kupiti ve\u010d vstopnic, je treba nakup ponoviti za vsako vstopnico posebej.<\/p>\n<div class=\"naslovna-ulaznice-left\">\n<img decoding=\"async\" src=\"\/hair-kingdom\/wp-content\/uploads\/2025\/07\/HairstyleNewsSlovenija-Ulaznica.webp\">\n<h3>Vstopnice za HAIRSTYLE NEWS izobra\u017eevanje<\/h3>\n<p class=\"ulaznice-cijena ulaznice-cijena-eb\"><b>EARLY BIRD cena vstopnice s popustom:<\/b> 119,00 EUR <span>(do nedelje, 21. 9. 2025.)<\/span><\/p>\n<p class=\"ulaznice-cijena ulaznice-cijena-redovna\"><b>Redna cena vstopnice:<\/b> 159,00 EUR <span>(od ponedeljka, 22. 9. 2025.)<\/span><\/p>\n<p class=\"ulaznice-napomena\">Zagotovite si svojo vstopnico po ni\u017eji ceni do 21. 9. in bodite del najpresti\u017enej\u0161ega frizerskega dogodka to jesen v Sloveniji!<\/p>\n<p class=\"ulaznice-napomena\">Samo 119 EUR za celodnevni program izobra\u017eevanj + goodie bag + diploma.<\/p>\n<h4>V ceno vstopnice je vklju\u010deno:<\/h4>\n<ul>\n<li>Vozovnica za vzpenja\u010do do Ljubljanskega gradu<\/li>\n<li>Celodnevni program izobra\u017eevanj (7 ekskluzivnih nastopov)<\/li>\n<li>Goodie bag s produkti pokroviteljev<\/li>\n<li>Diploma o udele\u017ebi<\/li>\n<\/ul>\n<div class=\"kupi-ulaznice-wrapper\">\n<a href=\"https:\/\/www.barberclassicks.com\/products\/hairstyle-news\" target=\"_blank\"><i class=\"fa-solid fa-cart-shopping\"><\/i> Kupi vstopnice<\/a>\n<\/div>\n<\/div>\n\n<div class=\"naslovna-ulaznice-right\">\n<img decoding=\"async\" src=\"\/hair-kingdom\/wp-content\/uploads\/2025\/07\/LECTUREHALLPASS.webp\">\n<h3>Vstopnice za BARBER CLASSICKS izobra\u017eevanje<\/h3> \n<p class=\"ulaznice-cijena\"><b>Redna cena vstopnice:<\/b> 199,00 EUR<br>\n<b>VIP cena vstopnice:<\/b> 290,00 EUR<\/p>\n<h4>V ceno vstopnice je vklju\u010deno:<\/h4>\n<ul>\n<li>Vozovnica za vzpenja\u010do<\/li>\n<li>Vstop na celodnevni program izobra\u017eevanj<\/li>\n<li>Diploma o udele\u017ebi na izobra\u017eevanju<\/li>\n<li>+ VIP vstopnice \u2013 sede\u017ei v prvih dveh vrstah<\/li>\n<\/ul>\n\n<h3>Hands-On delavnice<\/h3> \n<p class=\"ulaznice-cijena\"><b>Cena vstopnice:<\/b> 450,00 EUR<\/p>\n<div class=\"kupi-ulaznice-wrapper\">\n<a href=\"https:\/\/www.barberclassicks.com\/collections\/barberclassicks-tickets\" target=\"_blank\"><i class=\"fa-solid fa-cart-shopping\"><\/i> Kupi vstopnice<\/a>\n<\/div>\n<\/div>\n\n<div class=\"kupi-ulaznice-wrapper\">\n<p class=\"kupi-ulaznice-cta\"><b>Ne zamudite ekskluzivne prilo\u017enosti \u2013 \u0161tevilo mest je omejeno.<\/b><br>\nRezerviraj svoje mesto zdaj!<\/p>\n<\/div>                                                                                                                                                                                                                                                                                                                                                                                                                                                                                                                                                                                                                      \n\n<\/div>\n<\/div>\n\n\n\n<div class=\"naslovna-lokacija\">\n<div class=\"naslovna-lokacija-inner\">\n\n<div class=\"naslovna-lokacija-left\">\n<h2> Hair Kingdom 2025 &#8211; Lokacija dogodka: <span>Ljubljanski Grad<\/span><\/h2>\n<p>Za prizori\u0161\u010de festivala Hair Kingdom 2025 smo izbrali slikovito in navdihujo\u010de okolje Ljubljanskega gradu, srednjeve\u0161kega dvorca v samem sredi\u0161\u010du Ljubljane.<\/p>\n\n<p>Na zelenem gri\u010du sredi mesta, za starodavnimi zidovi, se skriva bogat svet zgodovinskih, kulturnih in zabavnih vsebin. Do gradu se lahko enostavno pripeljete z vzpenja\u010do, ali pa se odpravite na prijeten sprehod po eni od urejenih pe\u0161poti. <b>Vozovnica za vzpenja\u010do je vklju\u010dena v ceno vstopnice.<\/b><\/p>\n\n<p><b>Kako do gradu?<\/b><\/p>\n\n<a href=\"https:\/\/maps.app.goo.gl\/hjUvdqVvpfZtu55Z7\" title=\"\">Ljubljanski grad<\/a>\n<a href=\"https:\/\/maps.app.goo.gl\/TsoGpW822j7dL33a6\" title=\"\">Vzpenja\u010da na Ljubljanski grad<\/a>\n<\/div>\n\n<div class=\"naslovna-lokacija-right\">\n<iframe src=\"https:\/\/www.google.com\/maps\/embed?pb=!1m18!1m12!1m3!1d3227.023515843709!2d14.505793512149518!3d46.048888894116985!2m3!1f0!2f0!3f0!3m2!1i1024!2i768!4f13.1!3m3!1m2!1s0x47652d635a05207f%3A0xe667d30acde6b278!2sLjubljana%20Castle!5e1!3m2!1sen!2shr!4v1750163070895!5m2!1sen!2shr\" width=\"100%\" height=\"547\" style=\"border:0;\" https:\/\/maps.app.goo.gl\/hjUvdqVvpfZtu55Z7 allowfullscreen=\"\" loading=\"lazy\" referrerpolicy=\"no-referrer-when-downgrade\"><\/iframe>\n<\/div>\n\n<\/div>\n<\/div>\n\n\n\n<a name=\"kontakt\" class=\"anchor anchor-kontakt\"><\/a>\n<div class=\"naslovna-kontakt\">\n<div class=\"naslovna-kontakt-inner\">\n\n<div class=\"naslovna-kontakt-left\">\n<h2>Kontakt<\/h2>\n\n<p class=\"naslovna-kontakt-intro\">\u010ce imate vpra\u0161anja v zvezi z dogodkom, vstopnicami ali \u010demerkoli drugim, nas lahko brez zadr\u017ekov kontaktirate.<\/p>\n\n<h3>Za Hairstyle News<\/h3>\n<p class=\"naslovna-kontakt-tekst\">Pi\u0161ite nam na <a href=\"\">info@hairstyle-news.hr<\/a> ali nas kontaktirajte preko na\u0161ega uradnega <a href=\"https:\/\/www.instagram.com\/hairstylenewscroatia\/\" target=\"_blank\">Instagram profila<\/a>.<\/p>\n\n<h3>Za Barber Classicks<\/h3>\n<p class=\"naslovna-kontakt-tekst\">Pi\u0161ite nam na <a href=\"\">info@barberclassicks.com<\/a> ali nas kontaktirajte preko na\u0161ega uradnega <a href=\"https:\/\/www.instagram.com\/barberclassicks\/\" target=\"_blank\">Instagram profila<\/a>.<\/p>\n\n<\/div>\n\n<div class=\"naslovna-kontakt-right\">                                                                                 \n<div class=\"wpcf7 no-js\" id=\"wpcf7-f634-o1\" lang=\"hr\" dir=\"ltr\" data-wpcf7-id=\"634\">\n<div class=\"screen-reader-response\"><p role=\"status\" aria-live=\"polite\" aria-atomic=\"true\"><\/p> <ul><\/ul><\/div>\n<form action=\"\/hair-kingdom\/wp-json\/wp\/v2\/pages\/562#wpcf7-f634-o1\" method=\"post\" class=\"wpcf7-form init\" aria-label=\"Kontakt obrazac\" novalidate=\"novalidate\" data-status=\"init\">\n<fieldset class=\"hidden-fields-container\"><input type=\"hidden\" name=\"_wpcf7\" value=\"634\" \/><input type=\"hidden\" name=\"_wpcf7_version\" value=\"6.1.2\" \/><input type=\"hidden\" name=\"_wpcf7_locale\" value=\"hr\" \/><input type=\"hidden\" name=\"_wpcf7_unit_tag\" value=\"wpcf7-f634-o1\" \/><input type=\"hidden\" name=\"_wpcf7_container_post\" value=\"0\" \/><input type=\"hidden\" name=\"_wpcf7_posted_data_hash\" value=\"\" \/>\n<\/fieldset>\n<div class=\"kontakt-forma\">\n\t<p class=\"forma-odjel\"><span>Izberite, na kaj se nana\u0161a va\u0161e vpra\u0161anje:<\/span><span class=\"wpcf7-form-control-wrap\" data-name=\"department\"><select class=\"wpcf7-form-control wpcf7-select wpcf7-validates-as-required\" aria-required=\"true\" aria-invalid=\"false\" name=\"department\"><option value=\"Hairstyle News edukacije\">Hairstyle News edukacije<\/option><option value=\"Barber Classicks\">Barber Classicks<\/option><option value=\"Splo\u0161na vpra\u0161anja\">Splo\u0161na vpra\u0161anja<\/option><\/select><\/span>\n\t<\/p>\n\t<p class=\"forma-polje\"><span class=\"wpcf7-form-control-wrap\" data-name=\"your-name\"><input size=\"40\" maxlength=\"400\" class=\"wpcf7-form-control wpcf7-text wpcf7-validates-as-required\" aria-required=\"true\" aria-invalid=\"false\" placeholder=\"Ime in priimek\" value=\"\" type=\"text\" name=\"your-name\" \/><\/span>\n\t<\/p>\n\t<p class=\"forma-polje\"><span id=\"wpcf7-69f316e57be95-wrapper\" class=\"wpcf7-form-control-wrap contact-email-wrap\" style=\"display:none !important; visibility:hidden !important;\"><label for=\"wpcf7-69f316e57be95-field\" class=\"hp-message\">Please leave this field empty.<\/label><input id=\"wpcf7-69f316e57be95-field\"  class=\"wpcf7-form-control wpcf7-text\" type=\"text\" name=\"contact-email\" value=\"\" size=\"40\" tabindex=\"-1\" autocomplete=\"new-password\" \/><\/span><span class=\"wpcf7-form-control-wrap\" data-name=\"your-email\"><input size=\"40\" maxlength=\"400\" class=\"wpcf7-form-control wpcf7-email wpcf7-validates-as-required wpcf7-text wpcf7-validates-as-email\" aria-required=\"true\" aria-invalid=\"false\" placeholder=\"E-po\u0161tni naslov\" value=\"\" type=\"email\" name=\"your-email\" \/><\/span>\n\t<\/p>\n\t<p class=\"forma-polje\"><span class=\"wpcf7-form-control-wrap\" data-name=\"your-subject\"><input size=\"40\" maxlength=\"400\" class=\"wpcf7-form-control wpcf7-text wpcf7-validates-as-required\" aria-required=\"true\" aria-invalid=\"false\" placeholder=\"Zadeva\" value=\"\" type=\"text\" name=\"your-subject\" \/><\/span>\n\t<\/p>\n\t<p class=\"forma-polje\"><span class=\"wpcf7-form-control-wrap\" data-name=\"your-message\"><textarea cols=\"40\" rows=\"10\" maxlength=\"2000\" class=\"wpcf7-form-control wpcf7-textarea wpcf7-validates-as-required\" aria-required=\"true\" aria-invalid=\"false\" placeholder=\"Va\u0161e vpra\u0161anje\" name=\"your-message\"><\/textarea><\/span>\n\t<\/p>\n\t<p class=\"forma-disclaimer\"><span class=\"wpcf7-form-control-wrap\" data-name=\"checkbox-973\"><span class=\"wpcf7-form-control wpcf7-checkbox wpcf7-validates-as-required\"><span class=\"wpcf7-list-item first last\"><label><input type=\"checkbox\" name=\"checkbox-973[]\" value=\"Sprejemam\" \/><span class=\"wpcf7-list-item-label\">Sprejemam<\/span><\/label><\/span><\/span><\/span><a href=https:\/\/hairstyle-news.hr\/uvjeti-koristenja\/\" target=\"_blank\"> pogoje uporabe<\/a> in <a href=https:\/\/hairstyle-news.hr\/zastita-osobnih-podataka\/\" target=\"_blank\">politiko zasebnosti<\/a> te spletne strani.\n\t<\/p>\n\t<p class=\"forma-button\"><input class=\"wpcf7-form-control wpcf7-submit has-spinner\" type=\"submit\" value=\"Po\u0161lji\" \/>\n\t<\/p>\n<\/div><div class=\"wpcf7-response-output\" aria-hidden=\"true\"><\/div>\n<\/form>\n<\/div>\n\n<\/div>\n\n\n<\/div>\n<\/div>\n\n\n\n<p><\/p>\n","protected":false},"excerpt":{"rendered":"<p>Hairstyle News, najpomembnej\u0161i frizerski dogodek v regiji z ve\u010d kot 20-letno tradicijo, se prvi\u010d seli izven Hrva\u0161ke \u2013 na eno najbolj \u010darobnih prizori\u0161\u010d v Sloveniji. V nedeljo, 5. 10. 2025, na ekskluzivni lokaciji dvorca Ljubljanski grad, Hairstyle News bo skupaj z dogodkom Barber Classicks za\u017eivel kot edinstvena boutique frizersko-brivska izku\u0161nja. Edinstvena frizerska in brivska izku\u0161nja [&hellip;]<\/p>\n","protected":false},"author":1,"featured_media":729,"parent":0,"menu_order":0,"comment_status":"closed","ping_status":"closed","template":"","meta":{"footnotes":""},"class_list":["post-562","page","type-page","status-publish","has-post-thumbnail","hentry"],"yoast_head":"<!-- This site is optimized with the Yoast SEO plugin v26.0 - https:\/\/yoast.com\/wordpress\/plugins\/seo\/ -->\n<title>Hair Kingdom 2025 Navdih, znanje in frizerska prihodnost na Ljubljanskem gradu  - Hair Kingdom Festival<\/title>\n<meta name=\"robots\" content=\"noindex, follow, max-snippet:-1, max-image-preview:large, max-video-preview:-1\" \/>\n<meta property=\"og:locale\" content=\"hr_HR\" \/>\n<meta property=\"og:type\" content=\"article\" \/>\n<meta property=\"og:title\" content=\"Hair Kingdom 2025 Navdih, znanje in frizerska prihodnost na Ljubljanskem gradu  - Hair Kingdom Festival\" \/>\n<meta property=\"og:description\" content=\"Hairstyle News, najpomembnej\u0161i frizerski dogodek v regiji z ve\u010d kot 20-letno tradicijo, se prvi\u010d seli izven Hrva\u0161ke \u2013 na eno najbolj \u010darobnih prizori\u0161\u010d v Sloveniji. V nedeljo, 5. 10. 2025, na ekskluzivni lokaciji dvorca Ljubljanski grad, Hairstyle News bo skupaj z dogodkom Barber Classicks za\u017eivel kot edinstvena boutique frizersko-brivska izku\u0161nja. Edinstvena frizerska in brivska izku\u0161nja [&hellip;]\" \/>\n<meta property=\"og:url\" content=\"https:\/\/hairstyle-news.hr\/hair-kingdom\/sl\/domov\/\" \/>\n<meta property=\"og:site_name\" content=\"Hair Kingdom Festival\" \/>\n<meta property=\"article:modified_time\" content=\"2025-10-03T10:07:02+00:00\" \/>\n<meta property=\"og:image\" content=\"https:\/\/hairstyle-news.hr\/hair-kingdom\/wp-content\/uploads\/2025\/08\/HairKingdom2025-1200x630-1.webp\" \/>\n\t<meta property=\"og:image:width\" content=\"1200\" \/>\n\t<meta property=\"og:image:height\" content=\"630\" \/>\n\t<meta property=\"og:image:type\" content=\"image\/webp\" \/>\n<meta name=\"twitter:card\" content=\"summary_large_image\" \/>\n<meta name=\"twitter:label1\" content=\"Procijenjeno vrijeme \u010ditanja\" \/>\n\t<meta name=\"twitter:data1\" content=\"26 minuta\" \/>\n<script type=\"application\/ld+json\" class=\"yoast-schema-graph\">{\"@context\":\"https:\/\/schema.org\",\"@graph\":[{\"@type\":\"WebPage\",\"@id\":\"https:\/\/hairstyle-news.hr\/hair-kingdom\/sl\/domov\/\",\"url\":\"https:\/\/hairstyle-news.hr\/hair-kingdom\/sl\/domov\/\",\"name\":\"Hair Kingdom 2025 Navdih, znanje in frizerska prihodnost na Ljubljanskem gradu - Hair Kingdom Festival\",\"isPartOf\":{\"@id\":\"https:\/\/hairstyle-news.hr\/hair-kingdom\/#website\"},\"primaryImageOfPage\":{\"@id\":\"https:\/\/hairstyle-news.hr\/hair-kingdom\/sl\/domov\/#primaryimage\"},\"image\":{\"@id\":\"https:\/\/hairstyle-news.hr\/hair-kingdom\/sl\/domov\/#primaryimage\"},\"thumbnailUrl\":\"https:\/\/hairstyle-news.hr\/hair-kingdom\/wp-content\/uploads\/2025\/08\/HairKingdom2025-1200x630-1.webp\",\"datePublished\":\"2025-07-26T08:56:47+00:00\",\"dateModified\":\"2025-10-03T10:07:02+00:00\",\"breadcrumb\":{\"@id\":\"https:\/\/hairstyle-news.hr\/hair-kingdom\/sl\/domov\/#breadcrumb\"},\"inLanguage\":\"hr\",\"potentialAction\":[{\"@type\":\"ReadAction\",\"target\":[\"https:\/\/hairstyle-news.hr\/hair-kingdom\/sl\/domov\/\"]}]},{\"@type\":\"ImageObject\",\"inLanguage\":\"hr\",\"@id\":\"https:\/\/hairstyle-news.hr\/hair-kingdom\/sl\/domov\/#primaryimage\",\"url\":\"https:\/\/hairstyle-news.hr\/hair-kingdom\/wp-content\/uploads\/2025\/08\/HairKingdom2025-1200x630-1.webp\",\"contentUrl\":\"https:\/\/hairstyle-news.hr\/hair-kingdom\/wp-content\/uploads\/2025\/08\/HairKingdom2025-1200x630-1.webp\",\"width\":1200,\"height\":630},{\"@type\":\"BreadcrumbList\",\"@id\":\"https:\/\/hairstyle-news.hr\/hair-kingdom\/sl\/domov\/#breadcrumb\",\"itemListElement\":[{\"@type\":\"ListItem\",\"position\":1,\"name\":\"Po\u010detna stranica\",\"item\":\"https:\/\/hairstyle-news.hr\/hair-kingdom\/hr\/hair-kingdom\/\"},{\"@type\":\"ListItem\",\"position\":2,\"name\":\"Hair Kingdom 2025 Navdih, znanje in frizerska prihodnost na Ljubljanskem gradu\"}]},{\"@type\":\"WebSite\",\"@id\":\"https:\/\/hairstyle-news.hr\/hair-kingdom\/#website\",\"url\":\"https:\/\/hairstyle-news.hr\/hair-kingdom\/\",\"name\":\"Hair Kingdom Festival\",\"description\":\"\",\"potentialAction\":[{\"@type\":\"SearchAction\",\"target\":{\"@type\":\"EntryPoint\",\"urlTemplate\":\"https:\/\/hairstyle-news.hr\/hair-kingdom\/?s={search_term_string}\"},\"query-input\":{\"@type\":\"PropertyValueSpecification\",\"valueRequired\":true,\"valueName\":\"search_term_string\"}}],\"inLanguage\":\"hr\"}]}<\/script>\n<!-- \/ Yoast SEO plugin. -->","yoast_head_json":{"title":"Hair Kingdom 2025 Navdih, znanje in frizerska prihodnost na Ljubljanskem gradu  - Hair Kingdom Festival","robots":{"index":"noindex","follow":"follow","max-snippet":"max-snippet:-1","max-image-preview":"max-image-preview:large","max-video-preview":"max-video-preview:-1"},"og_locale":"hr_HR","og_type":"article","og_title":"Hair Kingdom 2025 Navdih, znanje in frizerska prihodnost na Ljubljanskem gradu  - Hair Kingdom Festival","og_description":"Hairstyle News, najpomembnej\u0161i frizerski dogodek v regiji z ve\u010d kot 20-letno tradicijo, se prvi\u010d seli izven Hrva\u0161ke \u2013 na eno najbolj \u010darobnih prizori\u0161\u010d v Sloveniji. V nedeljo, 5. 10. 2025, na ekskluzivni lokaciji dvorca Ljubljanski grad, Hairstyle News bo skupaj z dogodkom Barber Classicks za\u017eivel kot edinstvena boutique frizersko-brivska izku\u0161nja. Edinstvena frizerska in brivska izku\u0161nja [&hellip;]","og_url":"https:\/\/hairstyle-news.hr\/hair-kingdom\/sl\/domov\/","og_site_name":"Hair Kingdom Festival","article_modified_time":"2025-10-03T10:07:02+00:00","og_image":[{"width":1200,"height":630,"url":"https:\/\/hairstyle-news.hr\/hair-kingdom\/wp-content\/uploads\/2025\/08\/HairKingdom2025-1200x630-1.webp","type":"image\/webp"}],"twitter_card":"summary_large_image","twitter_misc":{"Procijenjeno vrijeme \u010ditanja":"26 minuta"},"schema":{"@context":"https:\/\/schema.org","@graph":[{"@type":"WebPage","@id":"https:\/\/hairstyle-news.hr\/hair-kingdom\/sl\/domov\/","url":"https:\/\/hairstyle-news.hr\/hair-kingdom\/sl\/domov\/","name":"Hair Kingdom 2025 Navdih, znanje in frizerska prihodnost na Ljubljanskem gradu - Hair Kingdom Festival","isPartOf":{"@id":"https:\/\/hairstyle-news.hr\/hair-kingdom\/#website"},"primaryImageOfPage":{"@id":"https:\/\/hairstyle-news.hr\/hair-kingdom\/sl\/domov\/#primaryimage"},"image":{"@id":"https:\/\/hairstyle-news.hr\/hair-kingdom\/sl\/domov\/#primaryimage"},"thumbnailUrl":"https:\/\/hairstyle-news.hr\/hair-kingdom\/wp-content\/uploads\/2025\/08\/HairKingdom2025-1200x630-1.webp","datePublished":"2025-07-26T08:56:47+00:00","dateModified":"2025-10-03T10:07:02+00:00","breadcrumb":{"@id":"https:\/\/hairstyle-news.hr\/hair-kingdom\/sl\/domov\/#breadcrumb"},"inLanguage":"hr","potentialAction":[{"@type":"ReadAction","target":["https:\/\/hairstyle-news.hr\/hair-kingdom\/sl\/domov\/"]}]},{"@type":"ImageObject","inLanguage":"hr","@id":"https:\/\/hairstyle-news.hr\/hair-kingdom\/sl\/domov\/#primaryimage","url":"https:\/\/hairstyle-news.hr\/hair-kingdom\/wp-content\/uploads\/2025\/08\/HairKingdom2025-1200x630-1.webp","contentUrl":"https:\/\/hairstyle-news.hr\/hair-kingdom\/wp-content\/uploads\/2025\/08\/HairKingdom2025-1200x630-1.webp","width":1200,"height":630},{"@type":"BreadcrumbList","@id":"https:\/\/hairstyle-news.hr\/hair-kingdom\/sl\/domov\/#breadcrumb","itemListElement":[{"@type":"ListItem","position":1,"name":"Po\u010detna stranica","item":"https:\/\/hairstyle-news.hr\/hair-kingdom\/hr\/hair-kingdom\/"},{"@type":"ListItem","position":2,"name":"Hair Kingdom 2025 Navdih, znanje in frizerska prihodnost na Ljubljanskem gradu"}]},{"@type":"WebSite","@id":"https:\/\/hairstyle-news.hr\/hair-kingdom\/#website","url":"https:\/\/hairstyle-news.hr\/hair-kingdom\/","name":"Hair Kingdom Festival","description":"","potentialAction":[{"@type":"SearchAction","target":{"@type":"EntryPoint","urlTemplate":"https:\/\/hairstyle-news.hr\/hair-kingdom\/?s={search_term_string}"},"query-input":{"@type":"PropertyValueSpecification","valueRequired":true,"valueName":"search_term_string"}}],"inLanguage":"hr"}]}},"_links":{"self":[{"href":"https:\/\/hairstyle-news.hr\/hair-kingdom\/wp-json\/wp\/v2\/pages\/562","targetHints":{"allow":["GET"]}}],"collection":[{"href":"https:\/\/hairstyle-news.hr\/hair-kingdom\/wp-json\/wp\/v2\/pages"}],"about":[{"href":"https:\/\/hairstyle-news.hr\/hair-kingdom\/wp-json\/wp\/v2\/types\/page"}],"author":[{"embeddable":true,"href":"https:\/\/hairstyle-news.hr\/hair-kingdom\/wp-json\/wp\/v2\/users\/1"}],"replies":[{"embeddable":true,"href":"https:\/\/hairstyle-news.hr\/hair-kingdom\/wp-json\/wp\/v2\/comments?post=562"}],"version-history":[{"count":88,"href":"https:\/\/hairstyle-news.hr\/hair-kingdom\/wp-json\/wp\/v2\/pages\/562\/revisions"}],"predecessor-version":[{"id":853,"href":"https:\/\/hairstyle-news.hr\/hair-kingdom\/wp-json\/wp\/v2\/pages\/562\/revisions\/853"}],"wp:featuredmedia":[{"embeddable":true,"href":"https:\/\/hairstyle-news.hr\/hair-kingdom\/wp-json\/wp\/v2\/media\/729"}],"wp:attachment":[{"href":"https:\/\/hairstyle-news.hr\/hair-kingdom\/wp-json\/wp\/v2\/media?parent=562"}],"curies":[{"name":"wp","href":"https:\/\/api.w.org\/{rel}","templated":true}]}}