{"id":32494,"date":"2026-02-02T14:44:40","date_gmt":"2026-02-02T12:44:40","guid":{"rendered":"https:\/\/hairstyle-news.hr\/festival\/?page_id=32494"},"modified":"2026-03-03T13:45:59","modified_gmt":"2026-03-03T11:45:59","slug":"program","status":"publish","type":"page","link":"https:\/\/hairstyle-news.hr\/festival\/program\/","title":{"rendered":"PROGRAM 21. HAIRSTYLE NEWS FESTIVALA"},"content":{"rendered":"<div id=\"program-uvod-wrapper\">\n<div id=\"program-uvod-inner\" class=\"teneighty-block\">\n<h2 class=\"big-title\">Program edukacija na festivalu<\/h2>\n<p><img decoding=\"async\" class=\"divider-black\" src=\"\/festival\/wp-content\/uploads\/2017\/12\/divider-1.png\"><br \/>\n<img decoding=\"async\" id=\"program-logo\" src=\"\/festival\/wp-content\/uploads\/2025\/09\/LogoHSN2026.png\" class=\"  animated zoomIn duration2 eds-on-scroll \"><\/p>\n<p><b>Me\u0111u prvima se upoznajte s novim trendovima!<\/b><br \/>\nU Velikoj dvorani Gervais odr\u017eavat \u0107e se edukacijski programi <b>Salon Business Conference, Cut&#038;Style i Colorama<\/b> za frizere i koloriste, a u Klubu Gervais edukacijski programi <b>Salon Business Conference i Barbershop Arena<\/b> za mu\u0161ke frizere i barbere.<\/p>\n<p>Na sajmu vas o\u010dekuju brojni izlaga\u010di i <b>vi\u0161e od 150 brendova<\/b> s ponudom profesionalnih frizerskih proizvoda i usluga, a u subotu nave\u010der dru\u017eimo se na <b>velikom partyju povodom 21. izdanja Hairstyle News festivala!<\/b><\/p>\n<p><b>PROGRAM POSLOVNIH I STRU\u010cNIH EDUKACIJA:<\/b><\/p>\n<p><b>Velika dvorana Gervais:<\/b> Salon Business Conference, Cut &#038; Style i Colorama<br \/>\n<b>Hotel Imperial:<\/b> Dvije ekskluzivne Hands-On radionice<br \/>\n<b>Klub Gervais:<\/b> Salon Business Conference i Barbershop Arena<\/p>\n<div id=\"program-buttons\">\n<a href=\"#velika-dvorana\">Velika dvorana<\/a><a href=\"#hotel-imperial\">Hotel Imperial<\/a><a href=\"#klub-gervais\">Klub Gervais<\/a><\/div>\n<p><b>Klikom na naziv saznajte vi\u0161e informacija o toj edukaciji.<\/b><\/p>\n<\/div>\n<\/div>\n<p><!-- end of program-uvod-wrapper --><\/p>\n<div id=\"strucni-seminari-wrapper\">\n<div><a name=\"velika-dvorana\" class=\"program-anchor\"><\/a><\/div>\n<h3 class=\"seminari-glavni-podnaslov\">Velika dvorana Gervais<\/h3>\n<p><img decoding=\"async\" class=\"divider-white\" src=\"\/festival\/wp-content\/uploads\/2017\/12\/divider-2.png\"><\/p>\n<div class=\"program-white-block\">\n<h4 class=\"program-datum\">Subota, 14. 3. 2026.<\/h4>\n<h5 class=\"seminari-traka saloonbusiness-seminari-traka\"> <span>SALON BUSINESS CONFERENCE<\/span><\/p>\n<div class=\"clear\"><\/div>\n<\/h5>\n<div class=\"team-block strucni-team-block\">\n<span class=\"collapseomatic \" id=\"id69ef6e64cc0d8\"  tabindex=\"0\"     ><strong>11:00 \u2013 11:45<\/strong> <span>OKRUGLI STOL: Od frizera do lidera<\/span><\/span><div id=\"target-id69ef6e64cc0d8\" class=\"collapseomatic_content \">\n<div class=\"team-block-inner\">\n<div class=\"team-block-left\">\nKako izgleda prijelaz iz uloge frizera u ulogu lidera? Ovaj okrugli stol otvara klju\u010dna pitanja osobnog razvoja, odgovornosti, dono\u0161enja odluka i vo\u0111enja ljudi u salonu. Kroz vlastita iskustva i razli\u010dite perspektive, gosti govore o izazovima rasta, gre\u0161kama iz kojih su u\u010dili i vje\u0161tinama koje \u010dine razliku izme\u0111u dobrog frizera i uspje\u0161nog lidera.<\/p>\n<p class=\"team-members\"><b>Moderatorica Aleksandra Oparov i gosti: Mitja Sojer, Marijana Azinovi\u0107, Marko Zirdum i \u017deljko Samard\u017eija<\/b><\/p>\n<\/div>\n<div class=\"team-block-right\">\n<img decoding=\"async\" clas=\"team-photo\" src=\"\/festival\/wp-content\/uploads\/2026\/02\/01-Okrugli-stol-frizer-lider.jpg\"><\/div>\n<div class=\"clear\"><\/div>\n<\/div>\n<\/div>\n<\/div>\n<p><!-- end of team-block --><\/p>\n<div class=\"team-block strucni-team-block\">\n<span class=\"collapseomatic \" id=\"id69ef6e64cc30c\"  tabindex=\"0\"     ><strong>11:45 - 12:30<\/strong> <span>OKRUGLI STOL: Snaga edukacije<\/span><\/span><div id=\"target-id69ef6e64cc30c\" class=\"collapseomatic_content \">\n<div class=\"team-block-inner\">\n<div class=\"team-block-left\">\nEdukacija je temelj razvoja, ali kako odabrati onu pravu i pretvoriti je u stvarnu vrijednost za salon? Ovaj okrugli stol bavi se ulogom edukacije u profesionalnom rastu, motivaciji tima i kvaliteti usluge. Sudionici dijele konkretna iskustva i govore o tome kako znanje s edukacija primijeniti u svakodnevnom radu i poslovnim rezultatima.<\/p>\n<p class=\"team-members\"><b>Moderatorica Ivana Mi\u0161i\u0107 Lokar i gosti: Mario Mesari\u0107, Ivana Bajsi\u0107 Vejzagi\u0107, Toma\u017e Turk, Marina Bukovac Jagar\u010dec i Edis Osmanovi\u0107<\/b><\/p>\n<\/div>\n<div class=\"team-block-right\">\n<img decoding=\"async\" clas=\"team-photo\" src=\"\/festival\/wp-content\/uploads\/2026\/02\/02-Okrugli-stol-snaga-edukacije.jpg\"><\/div>\n<div class=\"clear\"><\/div>\n<\/div>\n<\/div>\n<\/div>\n<p><!-- end of team-block --><\/p>\n<p class=\"pauza\"><b>12:30 &#8211; 13:15<\/b> Pauza<\/p>\n<div class=\"team-block strucni-team-block\">\n<span class=\"collapseomatic \" id=\"id69ef6e64cc37e\"  tabindex=\"0\"     ><strong>13:15 - 14:00<\/strong> <span>PREDAVANJE: Psihologija uspje\u0161ne komunikacije u salonu<\/span><\/span><div id=\"target-id69ef6e64cc37e\" class=\"collapseomatic_content \">\n<div class=\"team-block-inner\">\n<div class=\"team-block-left\">\nKvalitetna komunikacija klju\u010dna je za uspje\u0161ne odnose s klijentima, timom i poslovnim partnerima. Ovo predavanje donosi prakti\u010dne alate za jasnije izra\u017eavanje, aktivno slu\u0161anje, rje\u0161avanje nesporazuma i postavljanje granica. Namijenjeno je svima koji \u017eele unaprijediti profesionalnost, sigurnost i atmosferu u salonu kroz bolju komunikaciju.<\/p>\n<p class=\"team-members\"><b>Maja Vu\u010di\u0107, prof. psihologije<\/b><\/p>\n<\/div>\n<div class=\"team-block-right\">\n<div class=\"team-logos\">\n<img decoding=\"async\" class=\"single-logo\" src=\"\/festival\/wp-content\/uploads\/2026\/02\/03-Maja-Vucic.jpg\"><\/div>\n<\/div>\n<div class=\"clear\"><\/div>\n<\/div>\n<\/div>\n<\/div>\n<p><!-- end of team-block --><\/p>\n<div class=\"team-block strucni-team-block\">\n<span class=\"collapseomatic \" id=\"id69ef6e64cc3d3\"  tabindex=\"0\"     ><strong>14:00 - 14:30<\/strong> <span>PREDAVANJE: Modni trendovi za 2026. koje frizeri trebaju znati<\/span><\/span><div id=\"target-id69ef6e64cc3d3\" class=\"collapseomatic_content \">\n<div class=\"team-block-inner\">\n<div class=\"team-block-left\">\nRazumijevanje modnih trendova daje frizerima \u0161iru sliku i dodatnu sigurnost u radu. Sa\u0161a Joka donosi pregled klju\u010dnih modnih smjerova za 2026. godinu i obja\u0161njava kako ih interpretirati i prilagoditi frizerskoj struci. Fokus je na inspiraciji i povezivanju mode i rada u salonu \u2013 kako modne trendove pretvoriti u nosive, komercijalne i suvremene frizerske pri\u010de koje klijenti razumiju i \u017eele.<\/p>\n<p class=\"team-members\"><b>Sa\u0161a Joka, modni stru\u010dnjak<\/b><\/p>\n<\/div>\n<div class=\"team-block-right\">\n<img decoding=\"async\" clas=\"team-photo\" src=\"\/festival\/wp-content\/uploads\/2026\/02\/04-Sasa-Joka.jpg\"><\/div>\n<div class=\"clear\"><\/div>\n<\/div>\n<\/div>\n<\/div>\n<p><!-- end of team-block --><\/p>\n<div class=\"team-block strucni-team-block\">\n<span class=\"collapseomatic \" id=\"id69ef6e64cc428\"  tabindex=\"0\"     ><strong>14:30 - 15:00<\/strong> <span>PREDAVANJE: Dru\u0161tvene mre\u017ee koje rade za salon<\/span><\/span><div id=\"target-id69ef6e64cc428\" class=\"collapseomatic_content \">\n<div class=\"team-block-inner\">\n<div class=\"team-block-left\">\nDru\u0161tvene mre\u017ee va\u017ean su alat vidljivosti svakog salona. Ovo predavanje donosi prakti\u010dne i primjenjive smjernice za kreiranje sadr\u017eaja, izgradnju povjerenja s publikom i dosljednu online komunikaciju u skladu s identitetom salona. Fokus je na jednostavnim i odr\u017eivim strategijama koje frizeri mogu primijeniti bez stresa, \u010dak i uz pun raspored u salonu.<\/p>\n<p class=\"team-members\"><b>Sanja Karasman, kreatorica online sadr\u017eaja<\/b><\/p>\n<\/div>\n<div class=\"team-block-right\">\n<img decoding=\"async\" clas=\"team-photo\" src=\"\/festival\/wp-content\/uploads\/2026\/02\/05-Sanja-Karasman.jpg\"><\/div>\n<div class=\"clear\"><\/div>\n<\/div>\n<\/div>\n<\/div>\n<p><!-- end of team-block --><\/p>\n<p class=\"pauza\"><b>15:30 &#8211; 16:30<\/b> Pauza<\/p>\n<div><a name=\"cut-style\" class=\"program-anchor\"><\/a><\/div>\n<div id=\"program-cutstyle\">\n<h5 class=\"seminari-traka cutstyle-seminari-traka\"> <span>CUT AND STYLE &#038; COLORAMA<\/span><\/p>\n<div class=\"clear\"><\/div>\n<\/h5>\n<div class=\"team-block looklearn-team-block\">\n<span class=\"collapseomatic \" id=\"id69ef6e64cc482\"  tabindex=\"0\"     ><strong>16:30 - 17:00<\/strong> <span>KANSO ACADEMIA<\/span><\/span><div id=\"target-id69ef6e64cc482\" class=\"collapseomatic_content \">\n<div class=\"team-block-inner\">\n<div class=\"team-block-left\">\nU Kanso Academiji kosa je mnogo vi\u0161e od frizure \u2013 ona je emocija, identitet i osobna pri\u010da. Ovaj nastup donosi inspiraciju, znanje i sna\u017ean kreativni do\u017eivljaj. Kroz precizne oblike, promi\u0161ljene boje i pokret u kosi, prenosi se strast, iskustvo i duboko razumijevanje frizerske struke. Publika \u0107e svjedo\u010diti procesu, energiji i viziji iza svakog rada te dobiti novu perspektivu i motivaciju.<\/p>\n<p class=\"team-members\"><b>Edukatori: Marina Bukovac Jagar\u010dec, Ivan Jagar\u010dec, Jelena Per\u0161i\u0107 Trnini\u0107, Tanja Vlahovi\u0107, Ruben Albahari i Marieta Bilogrevi\u0107<\/b><\/p>\n<\/div>\n<div class=\"team-block-right\">\n<img decoding=\"async\" clas=\"team-photo\" src=\"\/festival\/wp-content\/uploads\/2026\/02\/06-Kanso.jpg\"><\/p>\n<div class=\"team-logos\">\n<img decoding=\"async\" class=\"single-logo\" src=\"\/festival\/wp-content\/uploads\/2026\/02\/06-Kanso.png\"><\/div>\n<\/div>\n<div class=\"clear\"><\/div>\n<\/div>\n<\/div>\n<\/div>\n<p><!-- end of team-block --><\/p>\n<div class=\"team-block looklearn-team-block\">\n<span class=\"collapseomatic \" id=\"id69ef6e64cc4cf\"  tabindex=\"0\"     ><strong>17:00 - 17:30<\/strong> <span>MI\u010c STYLING<\/span><\/span><div id=\"target-id69ef6e64cc4cf\" class=\"collapseomatic_content \">\n<div class=\"team-block-inner\">\n<div class=\"team-block-left\">\nMi\u010d Styling Akademija predstavlja svijet atrakcija \u201eHaute Couture\u201c frizura. O\u010dekuje vas demonstracija vrhunskog, \u201eon the edge\u201c \u0161i\u0161anja te naprednih, slojevitih tehnika bojenja koje oblikuju budu\u0107e trendove. Edukacija spaja preciznu tehniku, kreativnu slobodu i sna\u017ean vizualni dojam, donose\u0107i inspiraciju frizerima koji \u017eele pomaknuti granice svog rada i estetike.<\/p>\n<p class=\"team-members\"><b>Edukatori: Toma\u017e Turk, Aska Kajtazovi\u0107, Matej Prin\u010di\u010d, Man\u00f3 Kolari\u0107, Katja Marlot i Matja\u017e Okorn<\/b><\/p>\n<\/div>\n<div class=\"team-block-right\">\n<img decoding=\"async\" clas=\"team-photo\" src=\"\/festival\/wp-content\/uploads\/2026\/02\/07-Mic-Styling.jpg\"><\/p>\n<div class=\"team-logos\">\n<img decoding=\"async\" class=\"single-logo\" src=\"\/festival\/wp-content\/uploads\/2026\/02\/07-Mic-Styling.png\"><\/div>\n<\/div>\n<div class=\"clear\"><\/div>\n<\/div>\n<\/div>\n<\/div>\n<p><!-- end of team-block --><\/p>\n<div class=\"team-block looklearn-team-block\">\n<span class=\"collapseomatic \" id=\"id69ef6e64cc504\"  tabindex=\"0\"     ><strong>17:30 - 18:00<\/strong> <span>IM ACADEMY &amp; Barbara Nonkovi\u0107<\/span><\/span><div id=\"target-id69ef6e64cc504\" class=\"collapseomatic_content \">\n<div class=\"team-block-inner\">\n<div class=\"team-block-left\">\nStrast i ljubav prema frizerskoj struci okosnica su rada IM Academy. Cilj ove edukacije je potaknuti frizere da ostanu zaljubljeni u svoj posao, iza\u0111u iz zone komfora i pomaknu granice osobnog i profesionalnog razvoja. Kroz osnovne tehnike \u0161i\u0161anja pokazuje se kako nastaju kreativni, precizni i geometrijski oblici koji olak\u0161avaju rad frizerima te omogu\u0107uju klijentima dugotrajnije i jednostavnije odr\u017eavanje frizure.<\/p>\n<p class=\"team-members\"><b>Edukatori: Mario Mesari\u0107, Ivana \u0160picer i Barbara Nonkovi\u0107<\/b><\/p>\n<\/div>\n<div class=\"team-block-right\">\n<img decoding=\"async\" clas=\"team-photo\" src=\"\/festival\/wp-content\/uploads\/2026\/02\/08-IM-Academy.jpg\"><\/p>\n<div class=\"team-logos\">\n<img decoding=\"async\" class=\"single-logo\" src=\"\/festival\/wp-content\/uploads\/2026\/02\/08-IM-Academy.png\"><\/div>\n<\/div>\n<div class=\"clear\"><\/div>\n<\/div>\n<\/div>\n<\/div>\n<p><!-- end of team-block --><\/p>\n<div class=\"team-block looklearn-team-block\">\n<span class=\"collapseomatic \" id=\"id69ef6e64cc553\"  tabindex=\"0\"     ><strong>18:00 - 18:45<\/strong> <span>MAZELLA &amp; PARTNERS<\/span><\/span><div id=\"target-id69ef6e64cc553\" class=\"collapseomatic_content \">\n<div class=\"team-block-inner\">\n<div class=\"team-block-left\">\nO\u010dekuje vas svjetska premijera najnovije kolekcije Jean-Baptistea Mazelle pod nazivom \u201cM&#038;K\u201d. Ova ekskluzivna kolekcija nastala je u suradnji M&#038;P International tima i Keune Adriatic Group te predstavlja jedinstvenu sintezu kreativnog izraza i tehnike. Nastup je osmi\u0161ljen kao inspirativno iskustvo za sve koji \u017eele vidjeti vrhunsko spajanje umjetnosti i tehni\u010dke izvrsnosti u praksi.<\/p>\n<p class=\"team-members\"><b>Edukatori: Jean-Baptiste Mazella, Tanja Ku\u0161tovi\u0107, Vladimir Aralica, Marija Gelen\u010dir i Luka \u0160kvorc<\/b><\/p>\n<\/div>\n<div class=\"team-block-right\">\n<img decoding=\"async\" clas=\"team-photo\" src=\"\/festival\/wp-content\/uploads\/2026\/02\/09-Mazella.jpg\"><\/p>\n<div class=\"team-logos\">\n<img decoding=\"async\" class=\"single-logo\" src=\"\/festival\/wp-content\/uploads\/2026\/02\/09-Mazella.png\"><\/div>\n<\/div>\n<div class=\"clear\"><\/div>\n<\/div>\n<\/div>\n<\/div>\n<p><!-- end of team-block --><\/p>\n<div id=\"program-party-2022\">\n<h5 class=\"seminari-traka party-traka\">HAIRSTYLE NEWS PARTY<\/h5>\n<div class=\"team-block strucni-team-block\">\n<span class=\"collapseomatic \" id=\"id69ef6e64cc5b4\"  tabindex=\"0\"     ><strong>21:00 - 02:00<\/strong> <span>Party za sve sudionike Hairstyle News festivala<\/span><\/span><div id=\"target-id69ef6e64cc5b4\" class=\"collapseomatic_content \">\n<div class=\"team-block-inner\">\n<div class=\"team-block-left\">Subotnja ve\u010der rezervirana je za opu\u0161tanje. Hairstyle News Party mjesto je susreta kolega, prijatelja i partnera u neformalnoj atmosferi uz dobru glazbu i jo\u0161 bolju energiju koja festival \u010dini posebnim.<\/p>\n<p>Ulaz je besplatan za sve sudionike subotnjih edukacija.<\/p>\n<\/div>\n<div class=\"team-block-right\">\n<img decoding=\"async\" clas=\"team-photo\" src=\"\/festival\/wp-content\/uploads\/2026\/02\/party2026.jpg\"><\/div>\n<div class=\"clear\"><\/div>\n<\/div>\n<\/div>\n<\/div>\n<p><!-- end of team-block --><\/p>\n<\/div>\n<\/div>\n<h4 class=\"program-datum program-datum-alt\">Nedjelja, 15. 3. 2026.<\/h4>\n<h5 class=\"seminari-traka saloonbusiness-seminari-traka\"> <span>SALON BUSINESS CONFERENCE<\/span><\/p>\n<div class=\"clear\"><\/div>\n<\/h5>\n<div id=\"program-strucni\">\n<div class=\"team-block looklearn-team-block\">\n<span class=\"collapseomatic \" id=\"id69ef6e64cc5fe\"  tabindex=\"0\"     ><strong>10:00 - 10:30<\/strong> <span>RAZGOVOR s Jean-Baptisteom<\/span><\/span><div id=\"target-id69ef6e64cc5fe\" class=\"collapseomatic_content \">\n<div class=\"team-block-inner\">\n<div class=\"team-block-left\">\nInspirativan razgovor o profesionalnom razvoju, kreativnosti, izazovima i budu\u0107nosti frizerske struke. Jean-Baptiste Mazella govori o svom putu, odnosu prema edukaciji i va\u017enosti kontinuiranog rasta. O\u010dekuje vas otvoren i inspirativan razgovor koji publiku motivira na promi\u0161ljanje i poti\u010de na druga\u010diji pogled na vlastiti profesionalni smjer.<\/p>\n<p class=\"team-members\"><b>Moderatorica: Sanja Hochberger Varlaj i gosti: Jean-Baptiste Mazella i Vladimir Aralica<\/b><\/p>\n<\/div>\n<div class=\"team-block-right\">\n<img decoding=\"async\" clas=\"team-photo\" src=\"\/festival\/wp-content\/uploads\/2026\/02\/10-razgovor-mazella-aralica.jpg\"><\/div>\n<div class=\"clear\"><\/div>\n<\/div>\n<\/div>\n<\/div>\n<p><!-- end of team-block --><\/p>\n<div class=\"team-block looklearn-team-block\">\n<span class=\"collapseomatic \" id=\"id69ef6e64cc630\"  tabindex=\"0\"     ><strong>10:30 - 11:15<\/strong> <span>PREDAVANJE: \u0160to se zaista doga\u0111a s kosom i bojom tijekom bojanja<\/span><\/span><div id=\"target-id69ef6e64cc630\" class=\"collapseomatic_content \">\n<div class=\"team-block-inner\">\n<div class=\"team-block-left\">\nBojanje kose jedna je od najslo\u017eenijih frizerskih usluga. Za siguran i kvalitetan rezultat potrebno je razumjeti zakonitosti kose i kemijske procese koji se odvijaju tijekom bojanja. Predavanje donosi jasan uvid u to \u0161to se doga\u0111a u i na kosi, na koje detalje treba obratiti pozornost te koje su naj\u010de\u0161\u0107e zamke u postizanju \u017eeljenog rezultata.<\/p>\n<p class=\"team-members\"><b>Vladimir Vukobrat<\/b><\/p>\n<\/div>\n<div class=\"team-block-right\">\n<img decoding=\"async\" clas=\"team-photo\" src=\"\/festival\/wp-content\/uploads\/2026\/02\/11-Vladimir-Vukobrat.jpg\"><\/div>\n<div class=\"clear\"><\/div>\n<\/div>\n<\/div>\n<\/div>\n<p><!-- end of team-block --><\/p>\n<p class=\"pauza\"><b>11:15 &#8211; 12:00<\/b> Pauza<\/p>\n<\/div>\n<div id=\"program-cutstyle\">\n<h5 class=\"seminari-traka cutstyle-seminari-traka\"> <span>CUT AND STYLE &#038; COLORAMA<\/span><\/p>\n<div class=\"clear\"><\/div>\n<\/h5>\n<div class=\"team-block looklearn-team-block\">\n<span class=\"collapseomatic \" id=\"id69ef6e64cc660\"  tabindex=\"0\"     ><strong>12:00 - 12:30<\/strong> <span>BRICABARBERICA X BALU X PRETTY BOSS<\/span><\/span><div id=\"target-id69ef6e64cc660\" class=\"collapseomatic_content \">\n<div class=\"team-block-inner\">\n<div class=\"team-block-left\">\nOva edukacija kroz frizerski rad i kreativni izraz pripovijeda pri\u010du o pro\u0161losti, sada\u0161njosti i budu\u0107nosti. Kroz kosu kao medij izra\u017eavanja, prikazuju se emocije, identitet i osobni stil. Pro\u0161lost i povezanost s njom predstavlja Balu, sada\u0161njost donosi Bricabarberica, dok budu\u0107nost i viziju onoga \u0161to dolazi interpretira Pretty Boss, stvaraju\u0107i cjelovitu i inspirativnu kreativnu pri\u010du.<\/p>\n<p class=\"team-members\"><b>Edukatori: Edis Osmanovi\u0107, Andrey Dolhikh i Anastasia Dimitrova<\/b><\/p>\n<\/div>\n<div class=\"team-block-right\">\n<img decoding=\"async\" clas=\"team-photo\" src=\"\/festival\/wp-content\/uploads\/2026\/02\/12-BricaBaluBoss.jpg\"><\/p>\n<div class=\"team-logos\">\n<img decoding=\"async\" class=\"single-logo\" src=\"\/festival\/wp-content\/uploads\/2026\/02\/12-BricaBaluBoss.png\"><\/div>\n<\/div>\n<div class=\"clear\"><\/div>\n<\/div>\n<\/div>\n<\/div>\n<p><!-- end of team-block --><\/p>\n<div class=\"team-block looklearn-team-block\">\n<span class=\"collapseomatic \" id=\"id69ef6e64cc6a7\"  tabindex=\"0\"     ><strong>12:30 - 13:00<\/strong> <span>STEVO HAIR ACADEMY<\/span><\/span><div id=\"target-id69ef6e64cc6a7\" class=\"collapseomatic_content \">\n<div class=\"team-block-inner\">\n<div class=\"team-block-left\">\nStevo Team predstavlja najnoviju kolekciju tehnika \u0161i\u0161anja i bojenja kose \u201eRed Collection\u201c. Linije \u0161i\u0161anja geometrijski su oblikovane, simetri\u010dne i asimetri\u010dne, kroz bob, pixie i mullet forme. Boje su dominantno jednobojne, uz detalje u razli\u010ditim kombinacijama inspiriranima crvenom, koja se pro\u017eima s drugim nijansama i nagla\u0161ava odabrane dijelove kose.<\/p>\n<p class=\"team-members\"><b>Edukatori: Stevo Pavlovi\u0107, \u017dak Modic, Ale\u0161 Trunkelj i Tja\u0161a Makar<\/b><\/p>\n<\/div>\n<div class=\"team-block-right\">\n<img decoding=\"async\" clas=\"team-photo\" src=\"\/festival\/wp-content\/uploads\/2026\/02\/13-Stevo.jpg\"><\/p>\n<div class=\"team-logos\">\n<img decoding=\"async\" class=\"single-logo\" src=\"\/festival\/wp-content\/uploads\/2026\/02\/13-Stevo.png\"><\/div>\n<\/div>\n<div class=\"clear\"><\/div>\n<\/div>\n<\/div>\n<\/div>\n<p><!-- end of team-block --><\/p>\n<div class=\"team-block looklearn-team-block\">\n<span class=\"collapseomatic \" id=\"id69ef6e64cc6e7\"  tabindex=\"0\"     ><strong>13:00 - 13:30<\/strong> <span>TRIMU\u017dIJAT AKADEMIJA<\/span><\/span><div id=\"target-id69ef6e64cc6e7\" class=\"collapseomatic_content \">\n<div class=\"team-block-inner\">\n<div class=\"team-block-left\">\nAkademija Trimu\u017eijat predstavlja najnoviju kolekciju trendova s modernim tehnikama bojanja i \u0161i\u0161anja za prolje\u0107e\/ljeto 2026. Edukacija donosi komercijalnu eleganciju te konkretne ideje kako pove\u0107ati usluge \u0161i\u0161anja i bojanja u salonu, uz razvoj dodatnih usluga i preprodaje proizvoda za ku\u0107nu njegu. Kemon i Actyva spajaju znanost, inovacije i prirodnu tehnologiju u slu\u017ebi salona.<\/p>\n<p class=\"team-members\"><b>Edukatori: Dijana \u010can\u010dar, Slavica Kosor, A\u017ebe Ko\u0161\u010dak i Kaja Fertin Borovnik<\/b><\/p>\n<\/div>\n<div class=\"team-block-right\">\n<img decoding=\"async\" clas=\"team-photo\" src=\"\/festival\/wp-content\/uploads\/2026\/02\/14-Trimuzijat.jpg\"><\/p>\n<div class=\"team-logos\">\n<img decoding=\"async\" class=\"single-logo\" src=\"\/festival\/wp-content\/uploads\/2026\/02\/14-Trimuzijat.png\"><\/div>\n<\/div>\n<div class=\"clear\"><\/div>\n<\/div>\n<\/div>\n<\/div>\n<p><!-- end of team-block --><\/p>\n<div class=\"team-block looklearn-team-block\">\n<span class=\"collapseomatic \" id=\"id69ef6e64cc719\"  tabindex=\"0\"     ><strong>13:30 - 14:00<\/strong> <span>HAIR VISION by Sead Nuni\u0107 i gost Dejan Kosti\u0107<\/span><\/span><div id=\"target-id69ef6e64cc719\" class=\"collapseomatic_content \">\n<div class=\"team-block-inner\">\n<div class=\"team-block-left\">\nThe Choice nije trend ni tehnika, ve\u0107 odluka. Sead Nuni\u0107 u bojenju i Dejan Kosti\u0107 u \u0161i\u0161anju donose performans koji ne obja\u0161njava, ve\u0107 pokazuje. Kroz frizerski rad istra\u017euje se kosa bez identiteta, uklanjanje iluzije i trenutak u kojem po\u010dinje autorstvo. Edukacija otvara pitanje vrijednosti, stava i osobne odgovornosti frizera prema vlastitom radu.<\/p>\n<p class=\"team-members\"><b>Edukatori: Sead Nuni\u0107 i Dejan Kosti\u0107<\/b><\/p>\n<\/div>\n<div class=\"team-block-right\">\n<img decoding=\"async\" clas=\"team-photo\" src=\"\/festival\/wp-content\/uploads\/2026\/02\/15-Hair-Vision.jpg\"><\/p>\n<div class=\"team-logos\">\n<img decoding=\"async\" class=\"single-logo\" src=\"\/festival\/wp-content\/uploads\/2026\/02\/15-Hair-Vision.png\"><\/div>\n<\/div>\n<div class=\"clear\"><\/div>\n<\/div>\n<\/div>\n<div class=\"clear\"><\/div>\n<\/div>\n<p><!-- end of team-block --><\/p>\n<p class=\"pauza\"><b>14:00 &#8211; 15:30<\/b> Pauza<\/p>\n<div class=\"team-block looklearn-team-block\">\n<span class=\"collapseomatic \" id=\"id69ef6e64cc748\"  tabindex=\"0\"     ><strong>15:30 - 16:00<\/strong> <span>SANJA KARASMAN x Farmavita<\/span><\/span><div id=\"target-id69ef6e64cc748\" class=\"collapseomatic_content \">\n<div class=\"team-block-inner\">\n<div class=\"team-block-left\">\nSuvremene tehnike bojanja mogu biti izazov, no Sanja pokazuje kako ih svesti na jednostavne, brze i salonski primjenjive korake koriste\u0107i proizvode brenda Farmavita. Kroz digitalni portfolio i rad s modelima u\u017eivo otkriva tajne toniranja i postizanja vrhunskih rezultata te dijeli trikove koji zaista funkcioniraju u salonu.<\/p>\n<p class=\"team-members\"><b>Edukatorica: Sanja Karasman<\/b><\/p>\n<\/div>\n<div class=\"team-block-right\">\n<img decoding=\"async\" clas=\"team-photo\" src=\"\/festival\/wp-content\/uploads\/2026\/02\/16-Sanja-Karasman.jpg\"><\/p>\n<div class=\"team-logos\">\n<img decoding=\"async\" class=\"single-logo\" src=\"\/festival\/wp-content\/uploads\/2026\/02\/16-Sanja-Karasman.png\"><\/div>\n<\/div>\n<div class=\"clear\"><\/div>\n<\/div>\n<\/div>\n<div class=\"clear\"><\/div>\n<\/div>\n<p><!-- end of team-block --><\/p>\n<div class=\"team-block looklearn-team-block\">\n<span class=\"collapseomatic \" id=\"id69ef6e64cc777\"  tabindex=\"0\"     ><strong>16:00 - 16:30<\/strong> <span>AKADEMIJA \u017dELJKO<\/span><\/span><div id=\"target-id69ef6e64cc777\" class=\"collapseomatic_content \">\n<div class=\"team-block-inner\">\n<div class=\"team-block-left\">\nOva edukacija donosi 30 minuta u\u010denja, smijeha i inspiracije \u2013 bez prazne pri\u010de i bez glume. Kroz prakti\u010dne savjete i trikove pokazuje se balayage krojen po mjeri klijenta, uklju\u010duju\u0107i full head tehniku izvedenu precizno u 30 minuta. Pri\u010damo i o komunikaciji, jer boja mo\u017ee biti savr\u0161ena, ali pogre\u0161na rije\u010d ko\u0161ta klijenta. I da, doti\u010demo se onog bolnog pitanja: za\u0161to neki frizeri napla\u0107uju visoke cijene i za\u0161to ti klijenti (jo\u0161) nisu tvoji.<\/p>\n<p class=\"team-members\"><b>\u017deljko Samard\u017eija<\/b><\/p>\n<\/div>\n<div class=\"team-block-right\">\n<img decoding=\"async\" clas=\"team-photo\" src=\"\/festival\/wp-content\/uploads\/2026\/02\/17-Akademija-Zeljko.jpg\"><\/p>\n<div class=\"team-logos\">\n<img decoding=\"async\" class=\"single-logo\" src=\"\/festival\/wp-content\/uploads\/2026\/02\/17-Akademija-Zeljko.png\"><\/div>\n<\/div>\n<div class=\"clear\"><\/div>\n<\/div>\n<\/div>\n<div class=\"clear\"><\/div>\n<\/div>\n<p><!-- end of team-block --><\/p>\n<div class=\"team-block looklearn-team-block\">\n<span class=\"collapseomatic \" id=\"id69ef6e64cc7a5\"  tabindex=\"0\"     ><strong>16:30 - 17:00<\/strong> <span>ANDREA AMIGHETTI<\/span><\/span><div id=\"target-id69ef6e64cc7a5\" class=\"collapseomatic_content \">\n<div class=\"team-block-inner\">\n<div class=\"team-block-left\">\nAndrea Amighetti predstavit \u0107e modele izra\u0111ene tijekom Look &#038; Learn seminara, od koncepta do zavr\u0161nog rezultata. Ovaj nastup pru\u017ea uvid u proces rada \u2013 od po\u010detne ideje, preko tehni\u010dkih odluka, do finalne forme frizure. Idealna prilika za publiku da vidi kako <em>fade<\/em> prijelazi, suvremeni oblici i kontrolirani kontrasti funkcioniraju u praksi.<\/p>\n<p class=\"team-members\"><b>Edukator: Andrea Amighetti<\/b><\/p>\n<\/div>\n<div class=\"team-block-right\">\n<img decoding=\"async\" clas=\"team-photo\" src=\"\/festival\/wp-content\/uploads\/2026\/02\/18-Amighetti.jpg\"><\/p>\n<div class=\"team-logos\">\n<img decoding=\"async\" class=\"single-logo\" src=\"\/festival\/wp-content\/uploads\/2026\/02\/18-Amighetti.png\"><\/div>\n<\/div>\n<div class=\"clear\"><\/div>\n<\/div>\n<\/div>\n<div class=\"clear\"><\/div>\n<\/div>\n<p><!-- end of team-block --><\/p>\n<\/div>\n<div class=\"barbers-rezervacija\">\n<p>Sudionici edukacija u cijeni ulaznica dobivaju i diplome o sudjelovanju.<\/p>\n<div><img decoding=\"async\" src=\"\/festival\/wp-content\/uploads\/2026\/02\/diploma2026-velikadvorana.jpg\" class=\"program-diplome\"><\/div>\n<p><a class=\"kupi-button-big kupi-button-big-strucni\" href=\"\/festival\/ulaznice\/\"><i class=\"fas fa-shopping-cart\"><\/i> Kupi ulaznice<\/a><\/p>\n<\/div>\n<\/div>\n<p><!-- end of program-white-block --><\/p>\n<\/div>\n<p><!-- end of strucni-seminari-wrapper --><\/p>\n<div><a name=\"hotel-imperial\" class=\"program-anchor\"><\/a><\/div>\n<div id=\"looklearn-seminari-wrapper\" class=\"barbers-2020 barbers-2022 kava-wrapper\">\n<h3 class=\"seminari-glavni-podnaslov\">Posebne edukacije u hotelu Imperial<\/h3>\n<p><img decoding=\"async\" class=\"divider-white\" src=\"\/festival\/wp-content\/uploads\/2017\/12\/divider-2.png\"><\/p>\n<div class=\"program-white-block\">\n<h4 class=\"program-datum\">Subota, 14.3.2026.<\/h4>\n<div id=\"program-kava\">\n<h5 class=\"seminari-traka looklearn-seminari-traka\"> <span>Hands-On radionica by Andrea Amighetti<\/span><\/p>\n<div class=\"clear\"><\/div>\n<\/h5>\n<div class=\"team-block looklearn-team-block\">\n<span class=\"collapseomatic \" id=\"id69ef6e64cc7d5\"  tabindex=\"0\"     ><strong>11:00 - 16:00<\/strong> <span>Hands-On radionica - Andrea Amighetti<\/span><\/span><div id=\"target-id69ef6e64cc7d5\" class=\"collapseomatic_content \">\n<div class=\"team-block-inner\">\n<div class=\"team-block-left\">\nAndrea Amighetti jedan je od onih edukatora \u010diji je pristup modernom barberingu izgra\u0111en na jasno\u0107i, strukturi i razumijevanju osnova \u2013 jer, kako \u010desto isti\u010de, prava kreativnost dolazi tek kada su dobro postavljeni temelji znanja. Umjesto kopiranja gotovih frizura, Andrea vam prenosi logiku rada: kako razmi\u0161ljati, donositi odluke i prilagoditi tehniku svakom klijentu.<\/p>\n<p>Hands-On radionica s Andreom Amighettijem namijenjena je frizerima i barberima koji zaista \u017eele razumjeti \u0161i\u0161anje, a ne samo pratiti trendove. Kroz intenzivan prakti\u010dan rad sudionici \u0107e u\u010diti kako graditi fade-bazirane strukture, kontrolirati prijelaze, raditi produ\u017eene fade prijelaze i koristiti disconnectione na jasan, promi\u0161ljen i ponovljiv na\u010din.<\/p>\n<p>Poseban naglasak stavlja se na dono\u0161enje odluka iza stolice \u2013 za\u0161to odabrati odre\u0111enu tehniku, kada je primijeniti i kako je prilagoditi razli\u010ditim oblicima glave, tipovima kose i zahtjevima klijenata. Andrea ne podu\u010dava gotove recepte, ve\u0107 na\u010din razmi\u0161ljanja i rada koji vam donosi ve\u0107u sigurnost, brzinu i dosljednost u svakodnevnom radu.<\/p>\n<p>Ovo je edukacija s koje se ne odlazi samo s inspiracijom, ve\u0107 s jasnim znanjem i alatima koji se odmah mogu primijeniti u praksi. Radionica je idealna za sve koji \u017eele podi\u0107i razinu svog rada, standardizirati kvalitetu usluge i dugoro\u010dno rasti kao profesionalci.<\/p>\n<p><b>Cijena:<\/b> 450 EUR<\/p>\n<p><b>U cijeni radionice su:<\/b><\/p>\n<ul>\n<li>Frizerska lutka za \u0161i\u0161anje<\/li>\n<li>Diploma o sudjelovanju na radionici.<\/li>\n<\/ul>\n<p><b>Potrebno je donijeti:<\/b> stalak za lutku, ma\u0161inicu, trimer, \u0161kare, \u010de\u0161ljeve, kop\u010de za sekcioniranje, osobni alat koje ina\u010de koristite u radu.<\/p>\n<\/div>\n<div class=\"team-block-right\">\n<img decoding=\"async\" clas=\"team-photo\" src=\"\/festival\/wp-content\/uploads\/2026\/02\/01-Amighetti.jpg\"><\/p>\n<div class=\"team-logos\">\n<img decoding=\"async\" class=\"single-logo\" src=\"\/festival\/wp-content\/uploads\/2026\/02\/01-Amighetti.png\"><\/div>\n<\/div>\n<div class=\"clear\"><\/div>\n<\/div>\n<\/div>\n<\/div>\n<p><!-- end of team-block --><\/p>\n<h4 class=\"program-datum\">Nedjelja, 15.03.2026.<\/h4>\n<h5 class=\"seminari-traka looklearn-seminari-traka\"> <span>Hands-On radionica by Jean-Baptiste Mazella<\/span><\/p>\n<div class=\"clear\"><\/div>\n<\/h5>\n<div class=\"team-block looklearn-team-block\">\n<span class=\"collapseomatic \" id=\"id69ef6e64cc827\"  tabindex=\"0\"     ><strong>11:00 - 15:00<\/strong> <span>Hands-On radionica - Jean-Baptiste Mazella<\/span><\/span><div id=\"target-id69ef6e64cc827\" class=\"collapseomatic_content \">\n<div class=\"team-block-inner\">\n<div class=\"team-block-left\">\nHands-On radionica s Jean-Baptisteom Mazellom fokusirana je na precizno \u0161i\u0161anje i kreativni salonski rad kroz strukturiran, promi\u0161ljen i prakti\u010dan pristup. Kroz ovu intenzivnu i prakti\u010dnu radionicu sudionici \u0107e u\u010diti kako graditi lijepe, moderne i funkcionalne frizure, oslanjaju\u0107i se na \u010dvrste tehni\u010dke temelje i promi\u0161ljeno izra\u0111ene forme.<\/p>\n<p>On je poznat po svojoj filozofiji <em>\u201cNot just how to cut and colour hair, but why\u201d<\/em> \u2014 ne samo kako raditi, nego za\u0161to raditi odre\u0111enu tehniku u odre\u0111eno vrijeme i kako je prilagoditi individualnim potrebama klijenta. Na radionici \u0107e se pro\u0107i teme preciznog sekcioniranja, balansa oblika, kontrole prijelaza i kreativnog izraza unutar salonskog konteksta.<\/p>\n<p>Na radionici \u0107e vam JB Mazella pokazati kako precizno strukturirane forme, dinami\u010dni prijelazi i promi\u0161ljeni oblici mogu biti istovremeno estetski atraktivni i primjenjivi u salonskom okru\u017eenju. Njegov pristup kombinira jasno\u0107u koncepta, balans forme i funkcionalnu izvedbu \u2014 od ideje do finalnog rezultata.<\/p>\n<p>Ova Hands-On edukacija savr\u0161ena je za sve razine \u2014 od onih koji prvi put dolaze na M&#038;P programe do onih koji ve\u0107 poznaju temeljne koncepte i \u017eele ih produbiti, automatizirati i primijeniti s vi\u0161e sigurnosti i osobnog izraza. Predstavit \u0107e se tehnike primjenjive na \u017eenskim i mu\u0161kim klijentima.<\/p>\n<p><b>Cijena:<\/b> 450 EUR<\/p>\n<p><b>U cijeni radionice su:<\/b><\/p>\n<ul>\n<li>Frizerska lutka za \u0161i\u0161anje<\/li>\n<li>Diploma o sudjelovanju na radionici.<\/li>\n<\/ul>\n<p><b>Potrebno je donijeti:<\/b>  stalak za lutku, \u0161kare, \u010de\u0161ljeve, \u010detke, kop\u010de za kosu, fen, pegla po \u017eelji, prskalica s vodom, preparate s kojima ina\u010de radite.<\/p>\n<\/div>\n<div class=\"team-block-right\">\n<img decoding=\"async\" clas=\"team-photo\" src=\"\/festival\/wp-content\/uploads\/2026\/02\/02-Mazella.jpg\"><\/p>\n<div class=\"team-logos\">\n<img decoding=\"async\" class=\"single-logo\" src=\"\/festival\/wp-content\/uploads\/2026\/02\/02-Mazella.png\"><\/div>\n<\/div>\n<div class=\"clear\"><\/div>\n<\/div>\n<\/div>\n<\/div>\n<p><!-- end of team-block --><\/p>\n<\/div>\n<div class=\"barbers-rezervacija\">\nOsigurajte svoje mjesto na ekskluzivnim Hands-On radionicama u malim grupama i u\u010dite u osobnom kontaktu sa svjetskim frizerskim imenima. Polaznici dobivaju diplomu o sudjelovanju.<\/p>\n<div class=\"diploma-imperial-fix\"><img decoding=\"async\" src=\"\/festival\/wp-content\/uploads\/2026\/02\/Imperial-diplome.jpg\" class=\"program-diplome\"><\/div>\n<p><a class=\"kupi-button-big kupi-button-big-strucni\" href=\"\/festival\/ulaznice\/\"><i class=\"fas fa-shopping-cart\"><\/i> Kupi ulaznice<\/a><\/p>\n<\/div>\n<\/div>\n<p><!-- end of program-white-block --><\/p>\n<\/div>\n<p><!-- end of looklearn-seminari-wrapper (kava-wrapper) --><\/p>\n<div><a name=\"klub-gervais\" class=\"program-anchor\"><\/a><\/div>\n<div id=\"looklearn-seminari-wrapper\" class=\"barbers-2020 barbers-2022\">\n<h3 class=\"seminari-glavni-podnaslov\">Klub Gervais<\/h3>\n<p><img decoding=\"async\" class=\"divider-white\" src=\"\/festival\/wp-content\/uploads\/2017\/12\/divider-2.png\"><\/p>\n<div class=\"program-white-block\">\n<img decoding=\"async\" class=\"barbers-sponzori\" src=\"\/festival\/wp-content\/uploads\/2026\/02\/Pokrovitelji-Gervais.png\"><\/p>\n<h4 class=\"program-datum\">Subota, 14. 3. 2026.<\/h4>\n<div><a name=\"barbershop-arena\" class=\"program-anchor\"><\/a><\/div>\n<div id=\"program-barbershop\">\n<h5 class=\"seminari-traka saloonbusiness-seminari-traka\"> <span>SALON BUSINESS CONFERENCE<\/span><\/p>\n<div class=\"clear\"><\/div>\n<\/h5>\n<div class=\"team-block  strucni-team-block\">\n<span class=\"collapseomatic \" id=\"id69ef6e64cc863\"  tabindex=\"0\"     ><strong>13:00 - 13:40<\/strong> <span>OKRUGLI STOL: Bradata Aukcija<\/span><\/span><div id=\"target-id69ef6e64cc863\" class=\"collapseomatic_content \">\n<div class=\"team-block-inner\">\n<div class=\"team-block-left\">\n\u201ePut do milijun eura: Bradata za deset!\u201c donosi emotivnu pri\u010du o deset godina Bradate aukcije i plemenitom cilju prikupljanja milijun eura za kupnju magnetske rezonance za bolnicu u Splitu. Projekt je sna\u017eno povezao zajednicu barbera i frizera oko ideje pomaganja onkolo\u0161kim pacijentima i va\u017enosti prevencije. Sudionici govore o nastanku inicijative, snazi zajedni\u0161tva i putu prema cilju.<\/p>\n<p class=\"team-members\"><b>Moderator Daniel Gardijan i gosti: Sini\u0161a \u0160unji\u0107, Marko Su\u010di\u0107, Grozdana Vukeli\u0107, Paola Maru\u0161evec i Goran Milakovi\u0107<\/b><\/p>\n<\/div>\n<div class=\"team-block-right\">\n<img decoding=\"async\" clas=\"team-photo\" src=\"\/festival\/wp-content\/uploads\/2026\/02\/01-Bradata-aukcija.jpg\"><\/div>\n<div class=\"clear\"><\/div>\n<\/div>\n<\/div>\n<\/div>\n<p><!-- end of team-block --><\/p>\n<h5 class=\"seminari-traka looklearn-seminari-traka\"> <span>BARBERSHOP ARENA<\/span><\/p>\n<div class=\"clear\"><\/div>\n<\/h5>\n<div class=\"team-block looklearn-team-block\">\n<span class=\"collapseomatic \" id=\"id69ef6e64cc892\"  tabindex=\"0\"     ><strong>13:40 - 14:20<\/strong> <span>DEPOT<\/span><\/span><div id=\"target-id69ef6e64cc892\" class=\"collapseomatic_content \">\n<div class=\"team-block-inner\">\n<div class=\"team-block-left\">\nDepot tim predstavlja suvremenu filozofiju rada s mu\u0161karcima dana\u0161njeg vremena, uz prepoznatljiv da\u0161ak talijanskog \u0161arma. Kroz salonski rad i jednostavno primjenjive tehnike mu\u0161kog \u0161i\u0161anja, bez obzira na du\u017einu kose, te oblikovanje brade, prikazuje se prirodan i nosiv pristup modernom groomingu. Poruka je jasna \u2013 grooming nije rutina, ve\u0107 stil.<\/p>\n<p class=\"team-members\"><b>Edukatori: Grozdana Vukeli\u0107, Kre\u0161imir \u0160pani\u0107, Mirza Deli\u0107 i Sini\u0161a \u0160unji\u0107<\/b><\/p>\n<\/div>\n<div class=\"team-block-right\">\n<img decoding=\"async\" clas=\"team-photo\" src=\"\/festival\/wp-content\/uploads\/2026\/02\/02-Depot.jpg\"><\/p>\n<div class=\"team-logos\">\n<img decoding=\"async\" class=\"single-logo\" src=\"\/festival\/wp-content\/uploads\/2026\/02\/02-Depot.png\"><\/div>\n<\/div>\n<div class=\"clear\"><\/div>\n<\/div>\n<\/div>\n<\/div>\n<p><!-- end of team-block --><\/p>\n<p class=\"pauza\"><b>14:20 &#8211; 15:00<\/b> Pauza<\/p>\n<div class=\"team-block looklearn-team-block\">\n<span class=\"collapseomatic \" id=\"id69ef6e64cc8c1\"  tabindex=\"0\"     ><strong>15:00 - 15:40<\/strong> <span>TRIMU\u017dIJAT AKADEMIJA<\/span><\/span><div id=\"target-id69ef6e64cc8c1\" class=\"collapseomatic_content \">\n<div class=\"team-block-inner\">\n<div class=\"team-block-left\">\nOva edukacija donosi moderne mu\u0161ke oblike, nove ideje i aktualne trendove za prolje\u0107e\u2013ljeto. Fokus je na modnim formama koje spajaju nosivost, stil i suvremeni barberski izri\u010daj. Kroz prakti\u010dan rad prikazuju se mogu\u0107nosti oblikovanja kose uz proizvode Kemon Style i Dark Stag, s naglaskom na teksturu, kontrolu i zavr\u0161ni izgled prilago\u0111en svakodnevnom radu u barbershopu.<\/p>\n<p class=\"team-members\"><b>Edukator: Matic \u0160vigelj<\/b><\/p>\n<\/div>\n<div class=\"team-block-right\">\n<img decoding=\"async\" clas=\"team-photo\" src=\"\/festival\/wp-content\/uploads\/2026\/02\/03-Trimuzijat.jpg\"><\/p>\n<div class=\"team-logos\">\n<img decoding=\"async\" class=\"single-logo\" src=\"\/festival\/wp-content\/uploads\/2026\/02\/03-Trimuzijat.png\"><\/div>\n<\/div>\n<div class=\"clear\"><\/div>\n<\/div>\n<\/div>\n<\/div>\n<p><!-- end of team-block --><\/p>\n<div class=\"team-block looklearn-team-block\">\n<span class=\"collapseomatic \" id=\"id69ef6e64cc8ef\"  tabindex=\"0\"     ><strong>15:40 - 16:40<\/strong> <span>DALIBOR HAJDIN - DELIKVENT<\/span><\/span><div id=\"target-id69ef6e64cc8ef\" class=\"collapseomatic_content \">\n<div class=\"team-block-inner\">\n<div class=\"team-block-left\">\nMod frizura \u00d7 mu\u0161ki bixie. Ova edukacija istra\u017euje povezanost estetike mod frizure i modernog mu\u0161kog bixie \u0161i\u0161anja. Fokus je na obliku, teksturi i identitetu, pri \u010demu se frizura temelji na kontroliranoj strukturi uz mekani, buntovni karakter. Na taj na\u010din izlazimo iz okvira klasi\u010dnih barberskih formi i ulazimo u izra\u017eajniju formu moderne kratke mu\u0161ke frizure.<\/p>\n<p class=\"team-members\"><b>Edukator: Dalibor Hajdin &#8211; Delikvent<\/b><\/p>\n<\/div>\n<div class=\"team-block-right\">\n<img decoding=\"async\" clas=\"team-photo\" src=\"\/festival\/wp-content\/uploads\/2026\/02\/04-Dalibor-Hajdin.jpg\"><\/p>\n<div class=\"team-logos\">\n<img decoding=\"async\" class=\"single-logo\" src=\"\/festival\/wp-content\/uploads\/2026\/02\/04-Dalibor-Hajdin.png\"><\/div>\n<\/div>\n<div class=\"clear\"><\/div>\n<\/div>\n<\/div>\n<\/div>\n<p><!-- end of team-block --><\/p>\n<p class=\"pauza\"><b>16:40 &#8211; 17:20<\/b> Pauza<\/p>\n<div class=\"team-block looklearn-team-block\">\n<span class=\"collapseomatic \" id=\"id69ef6e64cc929\"  tabindex=\"0\"     ><strong>17:20 - 18:00<\/strong> <span>ALEN\u2019S BARBER SCHOOL<\/span><\/span><div id=\"target-id69ef6e64cc929\" class=\"collapseomatic_content \">\n<div class=\"team-block-inner\">\n<div class=\"team-block-left\">\nAlen\u2019s Barber School tim donosi prakti\u010dnu edukaciju fokusiranu na ono \u0161to klijenti danas najvi\u0161e tra\u017ee. Kroz \u010detiri razli\u010dita pristupa prikazuje se kako brzo, jasno i u\u010dinkovito kreirati aktualne mu\u0161ke stilove, bez nepotrebne teorije. Naglasak je na realnom radu u salonu, organizaciji procesa i skra\u0107ivanju vremena \u0161i\u0161anja uz zadr\u017eavanje visoke preciznosti i estetike.<\/p>\n<p class=\"team-members\"><b>Edukatori:\u00a0Nermin Demi\u0107, Alen Demirovi\u0107, Faruk Pelidija i Armin Biber<\/b><\/p>\n<\/div>\n<div class=\"team-block-right\">\n<img decoding=\"async\" clas=\"team-photo\" src=\"\/festival\/wp-content\/uploads\/2026\/02\/05-Alens.jpg\"><\/p>\n<div class=\"team-logos\">\n<img decoding=\"async\" class=\"single-logo\" src=\"\/festival\/wp-content\/uploads\/2026\/02\/05-Alens.png\"><\/div>\n<\/div>\n<div class=\"clear\"><\/div>\n<\/div>\n<\/div>\n<div class=\"clear\"><\/div>\n<\/div>\n<p><!-- end of team-block --><\/p>\n<div class=\"team-block looklearn-team-block\">\n<span class=\"collapseomatic \" id=\"id69ef6e64cc958\"  tabindex=\"0\"     ><strong>18:00 - 19:00<\/strong> <span>ANDREA AMIGHETTI<\/span><\/span><div id=\"target-id69ef6e64cc958\" class=\"collapseomatic_content \">\n<div class=\"team-block-inner\">\n<div class=\"team-block-left\">\nKroz <em>taper<\/em> varijacije, produ\u017eene <em>fade<\/em> prijelaze i kontrolirane diskonekcije Andrea Amighetti pokazat \u0107e kako graditi \u010diste, komercijalne i prilagodljive frizure koje su primjenjive u salonima i barbershopovima. Naglasak je na razumijevanju strukture, kontrasta i oblika frizura, uz jasnu logiku rada koja vam omogu\u0107uje sigurnost i dosljednost u svakodnevnom radu.<\/p>\n<p class=\"team-members\"><b>Edukator: Andrea Amighetti<\/b><\/p>\n<\/div>\n<div class=\"team-block-right\">\n<img decoding=\"async\" clas=\"team-photo\" src=\"\/festival\/wp-content\/uploads\/2026\/02\/06-Amighetti.jpg\"><\/p>\n<div class=\"team-logos\">\n<img decoding=\"async\" class=\"single-logo\" src=\"\/festival\/wp-content\/uploads\/2026\/02\/06-Amighetti.png\"><\/div>\n<\/div>\n<div class=\"clear\"><\/div>\n<\/div>\n<\/div>\n<div class=\"clear\"><\/div>\n<\/div>\n<p><!-- end of team-block --><\/p>\n<\/div>\n<div class=\"clear\"><\/div>\n<div><a name=\"party\" class=\"program-anchor\"><\/a><\/div>\n<div id=\"program-party-2022\">\n<h5 class=\"seminari-traka party-traka\">HAIRSTYLE NEWS PARTY<\/h5>\n<div class=\"team-block strucni-team-block\">\n<span class=\"collapseomatic \" id=\"id69ef6e64cc986\"  tabindex=\"0\"     ><strong>21:00 - 02:00<\/strong> <span>Party za sve sudionike Hairstyle News festivala<\/span><\/span><div id=\"target-id69ef6e64cc986\" class=\"collapseomatic_content \">\n<div class=\"team-block-inner\">\n<div class=\"team-block-left\">Subotnja ve\u010der rezervirana je za opu\u0161tanje. Hairstyle News Party mjesto je susreta kolega, prijatelja i partnera u neformalnoj atmosferi uz dobru glazbu i jo\u0161 bolju energiju koja festival \u010dini posebnim.<\/p>\n<p>Ulaz je besplatan za sve sudionike subotnjih edukacija.<\/p>\n<\/div>\n<div class=\"team-block-right\">\n<img decoding=\"async\" clas=\"team-photo\" src=\"\/festival\/wp-content\/uploads\/2026\/02\/party2026.jpg\"><\/div>\n<div class=\"clear\"><\/div>\n<\/div>\n<\/div>\n<\/div>\n<p><!-- end of team-block --><\/p>\n<\/div>\n<h4 class=\"program-datum program-datum-alt\">Nedjelja, 15. 3. 2026.<\/h4>\n<div id=\"program-barbershop\">\n<h5 class=\"seminari-traka looklearn-seminari-traka\"> <span>BARBERSHOP ARENA<\/span><\/p>\n<div class=\"clear\"><\/div>\n<\/h5>\n<div class=\"team-block looklearn-team-block\">\n<span class=\"collapseomatic \" id=\"id69ef6e64cc9b5\"  tabindex=\"0\"     ><strong>11:00 - 11:40<\/strong> <span>MARINO BILI\u0106<\/span><\/span><div id=\"target-id69ef6e64cc9b5\" class=\"collapseomatic_content \">\n<div class=\"team-block-inner\">\n<div class=\"team-block-left\">\nOva edukacija polazi od ideje da \u0161i\u0161anje nije receptura, ve\u0107 proces razumijevanja. Umjesto slijepog pra\u0107enja pravila, naglasak je na promi\u0161ljanju kose, oblika i odnosa prema klijentu. Takav pristup otvara prostor za prilagodbu, kreativnost i dugoro\u010dno kvalitetne rezultate, omogu\u0107uju\u0107i stvaranje razli\u010ditih stilova kroz isti na\u010din razmi\u0161ljanja i na\u010din rada temeljen na razumijevanju, a ne rutini.<\/p>\n<p class=\"team-members\"><b>Edukator: Marino Bili\u0107<\/b><\/p>\n<\/div>\n<div class=\"team-block-right\">\n<img decoding=\"async\" clas=\"team-photo\" src=\"\/festival\/wp-content\/uploads\/2026\/02\/07-Marino-Bilic.jpg\"><\/p>\n<div class=\"team-logos\">\n<img decoding=\"async\" class=\"single-logo\" src=\"\/festival\/wp-content\/uploads\/2026\/02\/07-Marino-Bilic.png\"><\/div>\n<\/div>\n<div class=\"clear\"><\/div>\n<\/div>\n<\/div>\n<\/div>\n<p><!-- end of team-block --><\/p>\n<div class=\"team-block looklearn-team-block\">\n<span class=\"collapseomatic \" id=\"id69ef6e64cc9e3\"  tabindex=\"0\"     ><strong>11:40 - 12:20<\/strong> <span>DALIBOR HAJDIN - DELIKVENT<\/span><\/span><div id=\"target-id69ef6e64cc9e3\" class=\"collapseomatic_content \">\n<div class=\"team-block-inner\">\n<div class=\"team-block-left\">\nBrijanje &#038; njega brade \u00d7 STMNT. Ova edukacija fokusira se na profesionalno brijanje i njegu brade uz kori\u0161tenje STMNT Grooming Goods proizvoda. Naglasak je na pripremi ko\u017ee, preciznom radu britvom, oblikovanju brade i \u010distom zavr\u0161nom izgledu, uz demonstraciju modernog i u\u010dinkovitog pristupa klasi\u010dnim barberskim ritualima.<\/p>\n<p class=\"team-members\"><b>Edukator: Dalibor Hajdin &#8211; Delikvent<\/b><\/p>\n<\/div>\n<div class=\"team-block-right\">\n<img decoding=\"async\" clas=\"team-photo\" src=\"\/festival\/wp-content\/uploads\/2026\/02\/08-Dalibor-Hajdin.jpg\"><\/p>\n<div class=\"team-logos\">\n<img decoding=\"async\" class=\"single-logo\" src=\"\/festival\/wp-content\/uploads\/2026\/02\/08-Dalibor-Hajdin.png\"><\/div>\n<\/div>\n<div class=\"clear\"><\/div>\n<\/div>\n<\/div>\n<\/div>\n<p><!-- end of team-block --><\/p>\n<p class=\"pauza\"><b>12:20 &#8211; 13:00<\/b> Pauza<\/p>\n<div class=\"team-block looklearn-team-block\">\n<span class=\"collapseomatic \" id=\"id69ef6e64cca11\"  tabindex=\"0\"     ><strong>13:00 - 14:00<\/strong> <span>ANDREA AMIGHETTI<\/span><\/span><div id=\"target-id69ef6e64cca11\" class=\"collapseomatic_content \">\n<div class=\"team-block-inner\">\n<div class=\"team-block-left\">\nOvaj seminar donosi modernu interpretaciju <em>mullet<\/em> i <em>mod<\/em>-inspiriranih frizura u kombinaciji s fade-baziranim tehnikama. Andrea Amighetti \u0107e pokazati kako ove izra\u017eajne oblike u\u010diniti nosivima, uravnote\u017eenima i prilagodljivima razli\u010ditim tipovima kose i klijenata. Naglasak je na kontroli oblika, prijelaza i kontrasta, uz jasnu strukturu rada.<\/p>\n<p class=\"team-members\"><b>Edukator: Andrea Amighetti<\/b><\/p>\n<\/div>\n<div class=\"team-block-right\">\n<img decoding=\"async\" clas=\"team-photo\" src=\"\/festival\/wp-content\/uploads\/2026\/02\/09-Amighetti.jpg\"><\/p>\n<div class=\"team-logos\">\n<img decoding=\"async\" class=\"single-logo\" src=\"\/festival\/wp-content\/uploads\/2026\/02\/09-Amighetti.png\"><\/div>\n<\/div>\n<div class=\"clear\"><\/div>\n<\/div>\n<\/div>\n<\/div>\n<p><!-- end of team-block --><\/p>\n<div class=\"team-block looklearn-team-block\">\n<span class=\"collapseomatic \" id=\"id69ef6e64cca3f\"  tabindex=\"0\"     ><strong>14:00 - 14:40<\/strong> <span>POLYBOY BARBERSHOP<\/span><\/span><div id=\"target-id69ef6e64cca3f\" class=\"collapseomatic_content \">\n<div class=\"team-block-inner\">\n<div class=\"team-block-left\">\nNakon tri godine izvan scene, Polyboy Barbershop se vra\u0107a na Hairstyle News s jasnim stavom i vi\u0161im standardima. Fokus edukacije je na temeljnim tehnikama geometrijskog \u0161i\u0161anja i preciznom oblikovanju klasi\u010dnih mu\u0161kih frizura. Kroz demonstraciju se jasno pokazuje razlika izme\u0111u barberskog i klasi\u010dnog frizerskog pristupa te kako struktura, linije i proporcije grade moderan, njegovan mu\u0161ki izgled.<\/p>\n<p class=\"team-members\"><b>Edukatori: Marko \u0160imunovi\u0107 i Sa\u0161a Pupi\u0107\u00a0<\/b><\/p>\n<\/div>\n<div class=\"team-block-right\">\n<img decoding=\"async\" clas=\"team-photo\" src=\"\/festival\/wp-content\/uploads\/2026\/02\/10-Polyboy.jpg\"><\/p>\n<div class=\"team-logos\">\n<img decoding=\"async\" class=\"single-logo\" src=\"\/festival\/wp-content\/uploads\/2026\/02\/10-Polyboy.png\"><\/div>\n<\/div>\n<div class=\"clear\"><\/div>\n<\/div>\n<\/div>\n<div class=\"clear\"><\/div>\n<\/div>\n<p><!-- end of team-block --><\/p>\n<p class=\"pauza\"><b>14:40 &#8211; 15:00<\/b> Pauza<\/p>\n<div class=\"team-block looklearn-team-block\">\n<span class=\"collapseomatic \" id=\"id69ef6e64cca95\"  tabindex=\"0\"     ><strong>15:00 - 15:40<\/strong> <span>SALON by MARKO STANZL<\/span><\/span><div id=\"target-id69ef6e64cca95\" class=\"collapseomatic_content \">\n<div class=\"team-block-inner\">\n<div class=\"team-block-left\">\nEdukacija donosi prakti\u010dne savjete i trikove za svakodnevni rad u barbershopu, s fokusom na brzu i u\u010dinkovitu izradu kra\u0107ih, nosivih brada. Poseban naglasak je na klijentima s kra\u0107im fade \u0161i\u0161anjima i redovitim dolascima svaka dva tjedna. Prikazuje se kako uskladiti kosu i bradu, optimizirati vrijeme rada te kroz kvalitetnu uslugu graditi dugoro\u010dan odnos s klijentima.<\/p>\n<p class=\"team-members\"><b>Edukator: Marko Stanzl<\/b><\/p>\n<\/div>\n<div class=\"team-block-right\">\n<img decoding=\"async\" clas=\"team-photo\" src=\"\/festival\/wp-content\/uploads\/2026\/02\/11-Salon.jpg\"><\/p>\n<div class=\"team-logos\">\n<img decoding=\"async\" class=\"single-logo\" src=\"\/festival\/wp-content\/uploads\/2026\/02\/11-Salon.png\"><\/div>\n<\/div>\n<div class=\"clear\"><\/div>\n<\/div>\n<\/div>\n<div class=\"clear\"><\/div>\n<\/div>\n<p><!-- end of team-block --><\/p>\n<div class=\"team-block looklearn-team-block\">\n<span class=\"collapseomatic \" id=\"id69ef6e64ccad0\"  tabindex=\"0\"     ><strong>15:40 - 16:20<\/strong> <span>BARBER ACADEMY &amp; AKADEMIJA ZORAN<\/span><\/span><div id=\"target-id69ef6e64ccad0\" class=\"collapseomatic_content \">\n<div class=\"team-block-inner\">\n<div class=\"team-block-left\">\nKarlo Zagorac i Ivan Vuk\u010devi\u0107 ponovno nastupaju zajedno nakon vi\u0161e od 25 godina, ovaj put kao iskusni edukatori i vlasnici renomiranih akademija. Edukacija je fokusirana na teksturiranje kose te istovremeno gra\u0111enje oblika i frizure kroz dinami\u010dan i kreativan rad. Publika \u0107e vidjeti kako se forma, pokret i tekstura razvijaju paralelno, uz razli\u010dite alate, tehnike i poneki trik.<\/p>\n<p class=\"team-members\"><b>Edukatori: Karlo Zagorac i Ivan Vuk\u010devi\u0107<\/b><\/p>\n<\/div>\n<div class=\"team-block-right\">\n<img decoding=\"async\" clas=\"team-photo\" src=\"\/festival\/wp-content\/uploads\/2026\/02\/12-Barber-Academy.jpg\"><\/p>\n<div class=\"team-logos\">\n<img decoding=\"async\" class=\"single-logo\" src=\"\/festival\/wp-content\/uploads\/2026\/02\/12-Barber-Academy-1.png\"><\/div>\n<\/div>\n<div class=\"clear\"><\/div>\n<\/div>\n<\/div>\n<div class=\"clear\"><\/div>\n<\/div>\n<p><!-- end of team-block --><\/p>\n<div class=\"team-block looklearn-team-block\">\n<span class=\"collapseomatic \" id=\"id69ef6e64ccb00\"  tabindex=\"0\"     ><strong>16:20 - 17:00<\/strong> <span>BRICABARBERICA X BALU X PRETTY BOSS<\/span><\/span><div id=\"target-id69ef6e64ccb00\" class=\"collapseomatic_content \">\n<div class=\"team-block-inner\">\n<div class=\"team-block-left\">\nOva edukacija kroz frizerski rad i kreativni izraz pripovijeda pri\u010du o pro\u0161losti, sada\u0161njosti i budu\u0107nosti. Kroz kosu kao medij izra\u017eavanja, prikazuju se emocije, identitet i osobni stil. Pro\u0161lost i povezanost s njom predstavlja Balu, sada\u0161njost donosi Bricabarberica, dok budu\u0107nost i viziju onoga \u0161to dolazi interpretira Pretty Boss, stvaraju\u0107i cjelovitu i inspirativnu kreativnu pri\u010du.<\/p>\n<p class=\"team-members\"><b>Edukatori: Edis Osmanovi\u0107, Andrey Dolhikh i Anastasia Dimitrova<\/b><\/p>\n<\/div>\n<div class=\"team-block-right\">\n<img decoding=\"async\" clas=\"team-photo\" src=\"\/festival\/wp-content\/uploads\/2026\/02\/13-BricaBaluBoss.jpg\"><\/p>\n<div class=\"team-logos\">\n<img decoding=\"async\" class=\"single-logo\" src=\"\/festival\/wp-content\/uploads\/2026\/02\/13-BricaBaluBoss.png\"><\/div>\n<\/div>\n<div class=\"clear\"><\/div>\n<\/div>\n<\/div>\n<div class=\"clear\"><\/div>\n<\/div>\n<p><!-- end of team-block --><\/p>\n<\/div>\n<div class=\"barbers-rezervacija\">\n<p>Sudionici edukacija u cijeni ulaznica dobivaju i diplome o sudjelovanju.<\/p>\n<div><img decoding=\"async\" src=\"\/festival\/wp-content\/uploads\/2026\/02\/diploma2026-klub.jpg\" class=\"program-diplome\"><\/div>\n<p><a class=\"kupi-button-big kupi-button-big-strucni\" href=\"\/festival\/ulaznice\/\"><i class=\"fas fa-shopping-cart\"><\/i> Kupi ulaznice<\/a><\/p>\n<\/div>\n<\/div>\n<p><!-- end of program-white-block --><\/p>\n<\/div>\n<p><!-- end of looklearn-seminari-wrapper --><\/p>\n<p><!-- end of program-issu-wrapper --><\/p>\n<div id=\"ulaznice-odbrojavanje\">\n<div id=\"ulaznice-odbrojavanje-inner\">\n<h3>Me\u0111u prvima otkrijte najnovije trendove i lookove! Broj mjesta je ograni\u010den. Vidimo se za&#8230;<\/h3>\n<div id=\"69ef6e64ccb36-countdown\" class=\"tminus_countdown\" style=\"width:auto; height:auto;\"><div class=\"jedi-countdown omitweeks\"><div id=\"69ef6e64ccb36-tophtml\" class=\"jedi-tophtml\"><\/div><div id=\"69ef6e64ccb36-dashboard\" class=\"jedi-dashboard\"><div class=\"jedi-dash jedi-days_dash\"><div class=\"jedi-dash_title\">dana<\/div><div class=\"jedi-digit\">-4<\/div><div class=\"jedi-digit\">-5<\/div><\/div><div class=\"jedi-dash jedi-hours_dash\"><div class=\"jedi-dash_title\">sati<\/div><div class=\"jedi-digit\">0<\/div><div class=\"jedi-digit\">-6<\/div><\/div><div class=\"jedi-dash jedi-minutes_dash\"><div class=\"jedi-dash_title\">minuta<\/div><div class=\"jedi-digit\">-1<\/div><div class=\"jedi-digit\">-1<\/div><\/div><div class=\"jedi-dash jedi-seconds_dash\"><div class=\"jedi-dash_title\">sekundi<\/div><div class=\"jedi-digit\">-4<\/div><div class=\"jedi-digit\">-4<\/div><\/div><\/div><div id=\"69ef6e64ccb36-bothtml\" class=\"jedi-bothtml\"><\/div><\/div><\/div><a id=\"counter-button\" href=\"\/festival\/ulaznice\/\">Kupi ulaznice<\/a><\/p>\n<div class=\"clear\"><\/div>\n<\/div>\n<\/div>\n","protected":false},"excerpt":{"rendered":"<p>Program edukacija na festivalu Me\u0111u prvima se upoznajte s novim trendovima! U Velikoj dvorani Gervais odr\u017eavat \u0107e se edukacijski programi Salon Business Conference, Cut&#038;Style i Colorama za frizere i koloriste, a u Klubu Gervais edukacijski programi Salon Business Conference i Barbershop Arena za mu\u0161ke frizere i barbere. Na sajmu vas o\u010dekuju brojni izlaga\u010di i vi\u0161e &hellip; <\/p>\n<p class=\"link-more\"><a href=\"https:\/\/hairstyle-news.hr\/festival\/program\/\" class=\"more-link\">Nastavi \u010ditati<span class=\"screen-reader-text\"> &#8220;PROGRAM 21. HAIRSTYLE NEWS FESTIVALA&#8221;<\/span><\/a><\/p>\n","protected":false},"author":1,"featured_media":32461,"parent":0,"menu_order":0,"comment_status":"closed","ping_status":"closed","template":"","meta":{"ngg_post_thumbnail":0,"footnotes":""},"class_list":["post-32494","page","type-page","status-publish","has-post-thumbnail","hentry"],"yoast_head":"<!-- This site is optimized with the Yoast SEO plugin v27.0 - https:\/\/yoast.com\/product\/yoast-seo-wordpress\/ -->\n<title>PROGRAM 21. HAIRSTYLE NEWS FESTIVALA - Hairstyle News Festival<\/title>\n<meta name=\"robots\" content=\"index, follow, max-snippet:-1, max-image-preview:large, max-video-preview:-1\" \/>\n<link rel=\"canonical\" href=\"https:\/\/hairstyle-news.hr\/festival\/program\/\" \/>\n<meta property=\"og:locale\" content=\"hr_HR\" \/>\n<meta property=\"og:type\" content=\"article\" \/>\n<meta property=\"og:title\" content=\"PROGRAM 21. HAIRSTYLE NEWS FESTIVALA - Hairstyle News Festival\" \/>\n<meta property=\"og:description\" content=\"Program edukacija na festivalu Me\u0111u prvima se upoznajte s novim trendovima! U Velikoj dvorani Gervais odr\u017eavat \u0107e se edukacijski programi Salon Business Conference, Cut&#038;Style i Colorama za frizere i koloriste, a u Klubu Gervais edukacijski programi Salon Business Conference i Barbershop Arena za mu\u0161ke frizere i barbere. Na sajmu vas o\u010dekuju brojni izlaga\u010di i vi\u0161e &hellip; Nastavi \u010ditati &quot;PROGRAM 21. HAIRSTYLE NEWS FESTIVALA&quot;\" \/>\n<meta property=\"og:url\" content=\"https:\/\/hairstyle-news.hr\/festival\/program\/\" \/>\n<meta property=\"og:site_name\" content=\"Hairstyle News Festival\" \/>\n<meta property=\"article:modified_time\" content=\"2026-03-03T11:45:59+00:00\" \/>\n<meta property=\"og:image\" content=\"https:\/\/hairstyle-news.hr\/festival\/wp-content\/uploads\/2026\/01\/HSN2026-shareFB.webp\" \/>\n\t<meta property=\"og:image:width\" content=\"800\" \/>\n\t<meta property=\"og:image:height\" content=\"478\" \/>\n\t<meta property=\"og:image:type\" content=\"image\/webp\" \/>\n<meta name=\"twitter:card\" content=\"summary_large_image\" \/>\n<meta name=\"twitter:label1\" content=\"Procijenjeno vrijeme \u010ditanja\" \/>\n\t<meta name=\"twitter:data1\" content=\"31 minuta\" \/>\n<script type=\"application\/ld+json\" class=\"yoast-schema-graph\">{\"@context\":\"https:\/\/schema.org\",\"@graph\":[{\"@type\":\"WebPage\",\"@id\":\"https:\/\/hairstyle-news.hr\/festival\/program\/\",\"url\":\"https:\/\/hairstyle-news.hr\/festival\/program\/\",\"name\":\"PROGRAM 21. HAIRSTYLE NEWS FESTIVALA - Hairstyle News Festival\",\"isPartOf\":{\"@id\":\"https:\/\/hairstyle-news.hr\/festival\/#website\"},\"primaryImageOfPage\":{\"@id\":\"https:\/\/hairstyle-news.hr\/festival\/program\/#primaryimage\"},\"image\":{\"@id\":\"https:\/\/hairstyle-news.hr\/festival\/program\/#primaryimage\"},\"thumbnailUrl\":\"https:\/\/hairstyle-news.hr\/festival\/wp-content\/uploads\/2026\/01\/HSN2026-shareFB.webp\",\"datePublished\":\"2026-02-02T12:44:40+00:00\",\"dateModified\":\"2026-03-03T11:45:59+00:00\",\"breadcrumb\":{\"@id\":\"https:\/\/hairstyle-news.hr\/festival\/program\/#breadcrumb\"},\"inLanguage\":\"hr\",\"potentialAction\":[{\"@type\":\"ReadAction\",\"target\":[\"https:\/\/hairstyle-news.hr\/festival\/program\/\"]}]},{\"@type\":\"ImageObject\",\"inLanguage\":\"hr\",\"@id\":\"https:\/\/hairstyle-news.hr\/festival\/program\/#primaryimage\",\"url\":\"https:\/\/hairstyle-news.hr\/festival\/wp-content\/uploads\/2026\/01\/HSN2026-shareFB.webp\",\"contentUrl\":\"https:\/\/hairstyle-news.hr\/festival\/wp-content\/uploads\/2026\/01\/HSN2026-shareFB.webp\",\"width\":800,\"height\":478},{\"@type\":\"BreadcrumbList\",\"@id\":\"https:\/\/hairstyle-news.hr\/festival\/program\/#breadcrumb\",\"itemListElement\":[{\"@type\":\"ListItem\",\"position\":1,\"name\":\"Po\u010detna stranica\",\"item\":\"https:\/\/hairstyle-news.hr\/festival\/\"},{\"@type\":\"ListItem\",\"position\":2,\"name\":\"PROGRAM 21. HAIRSTYLE NEWS FESTIVALA\"}]},{\"@type\":\"WebSite\",\"@id\":\"https:\/\/hairstyle-news.hr\/festival\/#website\",\"url\":\"https:\/\/hairstyle-news.hr\/festival\/\",\"name\":\"Hairstyle News Festival\",\"description\":\"\",\"potentialAction\":[{\"@type\":\"SearchAction\",\"target\":{\"@type\":\"EntryPoint\",\"urlTemplate\":\"https:\/\/hairstyle-news.hr\/festival\/?s={search_term_string}\"},\"query-input\":{\"@type\":\"PropertyValueSpecification\",\"valueRequired\":true,\"valueName\":\"search_term_string\"}}],\"inLanguage\":\"hr\"}]}<\/script>\n<!-- \/ Yoast SEO plugin. -->","yoast_head_json":{"title":"PROGRAM 21. HAIRSTYLE NEWS FESTIVALA - Hairstyle News Festival","robots":{"index":"index","follow":"follow","max-snippet":"max-snippet:-1","max-image-preview":"max-image-preview:large","max-video-preview":"max-video-preview:-1"},"canonical":"https:\/\/hairstyle-news.hr\/festival\/program\/","og_locale":"hr_HR","og_type":"article","og_title":"PROGRAM 21. HAIRSTYLE NEWS FESTIVALA - Hairstyle News Festival","og_description":"Program edukacija na festivalu Me\u0111u prvima se upoznajte s novim trendovima! U Velikoj dvorani Gervais odr\u017eavat \u0107e se edukacijski programi Salon Business Conference, Cut&#038;Style i Colorama za frizere i koloriste, a u Klubu Gervais edukacijski programi Salon Business Conference i Barbershop Arena za mu\u0161ke frizere i barbere. Na sajmu vas o\u010dekuju brojni izlaga\u010di i vi\u0161e &hellip; Nastavi \u010ditati \"PROGRAM 21. HAIRSTYLE NEWS FESTIVALA\"","og_url":"https:\/\/hairstyle-news.hr\/festival\/program\/","og_site_name":"Hairstyle News Festival","article_modified_time":"2026-03-03T11:45:59+00:00","og_image":[{"width":800,"height":478,"url":"https:\/\/hairstyle-news.hr\/festival\/wp-content\/uploads\/2026\/01\/HSN2026-shareFB.webp","type":"image\/webp"}],"twitter_card":"summary_large_image","twitter_misc":{"Procijenjeno vrijeme \u010ditanja":"31 minuta"},"schema":{"@context":"https:\/\/schema.org","@graph":[{"@type":"WebPage","@id":"https:\/\/hairstyle-news.hr\/festival\/program\/","url":"https:\/\/hairstyle-news.hr\/festival\/program\/","name":"PROGRAM 21. HAIRSTYLE NEWS FESTIVALA - Hairstyle News Festival","isPartOf":{"@id":"https:\/\/hairstyle-news.hr\/festival\/#website"},"primaryImageOfPage":{"@id":"https:\/\/hairstyle-news.hr\/festival\/program\/#primaryimage"},"image":{"@id":"https:\/\/hairstyle-news.hr\/festival\/program\/#primaryimage"},"thumbnailUrl":"https:\/\/hairstyle-news.hr\/festival\/wp-content\/uploads\/2026\/01\/HSN2026-shareFB.webp","datePublished":"2026-02-02T12:44:40+00:00","dateModified":"2026-03-03T11:45:59+00:00","breadcrumb":{"@id":"https:\/\/hairstyle-news.hr\/festival\/program\/#breadcrumb"},"inLanguage":"hr","potentialAction":[{"@type":"ReadAction","target":["https:\/\/hairstyle-news.hr\/festival\/program\/"]}]},{"@type":"ImageObject","inLanguage":"hr","@id":"https:\/\/hairstyle-news.hr\/festival\/program\/#primaryimage","url":"https:\/\/hairstyle-news.hr\/festival\/wp-content\/uploads\/2026\/01\/HSN2026-shareFB.webp","contentUrl":"https:\/\/hairstyle-news.hr\/festival\/wp-content\/uploads\/2026\/01\/HSN2026-shareFB.webp","width":800,"height":478},{"@type":"BreadcrumbList","@id":"https:\/\/hairstyle-news.hr\/festival\/program\/#breadcrumb","itemListElement":[{"@type":"ListItem","position":1,"name":"Po\u010detna stranica","item":"https:\/\/hairstyle-news.hr\/festival\/"},{"@type":"ListItem","position":2,"name":"PROGRAM 21. HAIRSTYLE NEWS FESTIVALA"}]},{"@type":"WebSite","@id":"https:\/\/hairstyle-news.hr\/festival\/#website","url":"https:\/\/hairstyle-news.hr\/festival\/","name":"Hairstyle News Festival","description":"","potentialAction":[{"@type":"SearchAction","target":{"@type":"EntryPoint","urlTemplate":"https:\/\/hairstyle-news.hr\/festival\/?s={search_term_string}"},"query-input":{"@type":"PropertyValueSpecification","valueRequired":true,"valueName":"search_term_string"}}],"inLanguage":"hr"}]}},"_links":{"self":[{"href":"https:\/\/hairstyle-news.hr\/festival\/wp-json\/wp\/v2\/pages\/32494","targetHints":{"allow":["GET"]}}],"collection":[{"href":"https:\/\/hairstyle-news.hr\/festival\/wp-json\/wp\/v2\/pages"}],"about":[{"href":"https:\/\/hairstyle-news.hr\/festival\/wp-json\/wp\/v2\/types\/page"}],"author":[{"embeddable":true,"href":"https:\/\/hairstyle-news.hr\/festival\/wp-json\/wp\/v2\/users\/1"}],"replies":[{"embeddable":true,"href":"https:\/\/hairstyle-news.hr\/festival\/wp-json\/wp\/v2\/comments?post=32494"}],"version-history":[{"count":72,"href":"https:\/\/hairstyle-news.hr\/festival\/wp-json\/wp\/v2\/pages\/32494\/revisions"}],"predecessor-version":[{"id":32791,"href":"https:\/\/hairstyle-news.hr\/festival\/wp-json\/wp\/v2\/pages\/32494\/revisions\/32791"}],"wp:featuredmedia":[{"embeddable":true,"href":"https:\/\/hairstyle-news.hr\/festival\/wp-json\/wp\/v2\/media\/32461"}],"wp:attachment":[{"href":"https:\/\/hairstyle-news.hr\/festival\/wp-json\/wp\/v2\/media?parent=32494"}],"curies":[{"name":"wp","href":"https:\/\/api.w.org\/{rel}","templated":true}]}}